{"id":5360,"date":"2019-11-19T11:07:05","date_gmt":"2019-11-19T11:07:05","guid":{"rendered":"https:\/\/catholic-television.com\/wp-staging\/?page_id=5360\/"},"modified":"2025-03-29T11:46:48","modified_gmt":"2025-03-29T11:46:48","slug":"oraciones","status":"publish","type":"page","link":"https:\/\/catholic-television.com\/es\/oraciones\/","title":{"rendered":"Oraciones"},"content":{"rendered":"\t\t<div data-elementor-type=\"wp-page\" data-elementor-id=\"5360\" class=\"elementor elementor-5360\" data-elementor-post-type=\"page\">\n\t\t\t\t\t\t<section class=\"elementor-section elementor-top-section elementor-element elementor-element-e4cacf3 elementor-section-boxed elementor-section-height-default elementor-section-height-default\" data-id=\"e4cacf3\" data-element_type=\"section\" data-e-type=\"section\">\n\t\t\t\t\t\t<div class=\"elementor-container elementor-column-gap-default\">\n\t\t\t\t\t<div class=\"elementor-column elementor-col-100 elementor-top-column elementor-element elementor-element-e115f2d\" data-id=\"e115f2d\" data-element_type=\"column\" data-e-type=\"column\">\n\t\t\t<div class=\"elementor-widget-wrap elementor-element-populated\">\n\t\t\t\t\t\t<div class=\"elementor-element elementor-element-2b4d7c5 elementor-widget elementor-widget-spacer\" data-id=\"2b4d7c5\" data-element_type=\"widget\" data-e-type=\"widget\" data-widget_type=\"spacer.default\">\n\t\t\t\t<div class=\"elementor-widget-container\">\n\t\t\t\t\t\t\t<div class=\"elementor-spacer\">\n\t\t\t<div class=\"elementor-spacer-inner\"><\/div>\n\t\t<\/div>\n\t\t\t\t\t\t<\/div>\n\t\t\t\t<\/div>\n\t\t\t\t\t<\/div>\n\t\t<\/div>\n\t\t\t\t\t<\/div>\n\t\t<\/section>\n\t\t\t\t<section class=\"elementor-section elementor-top-section elementor-element elementor-element-891744f elementor-section-boxed elementor-section-height-default elementor-section-height-default\" data-id=\"891744f\" data-element_type=\"section\" data-e-type=\"section\">\n\t\t\t\t\t\t<div class=\"elementor-container elementor-column-gap-default\">\n\t\t\t\t\t<div class=\"elementor-column elementor-col-100 elementor-top-column elementor-element elementor-element-a1d56d2\" data-id=\"a1d56d2\" data-element_type=\"column\" data-e-type=\"column\">\n\t\t\t<div class=\"elementor-widget-wrap elementor-element-populated\">\n\t\t\t\t\t\t<div class=\"elementor-element elementor-element-34f4e43 elementor-widget elementor-widget-eael-content-ticker\" data-id=\"34f4e43\" data-element_type=\"widget\" data-e-type=\"widget\" data-widget_type=\"eael-content-ticker.default\">\n\t\t\t\t<div class=\"elementor-widget-container\">\n\t\t\t\t\t<div class=\"eael-ticker-wrap\" id=\"eael-ticker-wrap-34f4e43\"><div class=\"ticker-badge\">\n                    <span>Novedades<\/span>\n                <\/div><div class=\"eael-ticker\">\n                <div class=\"swiper swiper-8 eael-content-ticker swiper-container-34f4e43\" data-pagination=\".swiper-pagination-34f4e43\" data-arrow-next=\".swiper-button-next-34f4e43\" data-arrow-prev=\".swiper-button-prev-34f4e43\" data-effect=\"slide\" data-speed=\"610\" data-autoplay=\"2000\" data-loop=\"1\" data-arrows=\"1\">\n                    <div class=\"swiper-wrapper\"><div class=\"swiper-slide\">\n        <div class=\"ticker-content\">\n            <a href=\"https:\/\/catholic-television.com\/es\/ermita-virgen-loreto-san-juan-alicante\/\" class=\"ticker-content-link\">Ermita de la Virgen de Loreto<\/a>\n        <\/div>\n    <\/div><div class=\"swiper-slide\">\n        <div class=\"ticker-content\">\n            <a href=\"https:\/\/catholic-television.com\/es\/monasterio-santa-faz-lugares-religiosos-catolicos-alicante\/\" class=\"ticker-content-link\">El Monasterio de la Santa Faz<\/a>\n        <\/div>\n    <\/div><div class=\"swiper-slide\">\n        <div class=\"ticker-content\">\n            <a href=\"https:\/\/catholic-television.com\/es\/ermita-santa-ana-san-juan-turismo-alicante\/\" class=\"ticker-content-link\">Ermita de Santa Ana<\/a>\n        <\/div>\n    <\/div><div class=\"swiper-slide\">\n        <div class=\"ticker-content\">\n            <a href=\"https:\/\/catholic-television.com\/es\/ermita-del-calvari-sant-joan-alicante\/\" class=\"ticker-content-link\">Ermita del Calvari<\/a>\n        <\/div>\n    <\/div><\/div>\n\t\t\t\t<\/div> <div class=\"content-ticker-pagination\"><div class=\"swiper-button-next swiper-button-next-34f4e43\"><\/div><div class=\"swiper-button-prev swiper-button-prev-34f4e43\"><\/div><\/div><\/div>\n\t\t<\/div>\t\t\t\t<\/div>\n\t\t\t\t<\/div>\n\t\t\t\t\t<\/div>\n\t\t<\/div>\n\t\t\t\t\t<\/div>\n\t\t<\/section>\n\t\t\t\t<section class=\"elementor-section elementor-top-section elementor-element elementor-element-e6b6eb8 elementor-section-boxed elementor-section-height-default elementor-section-height-default\" data-id=\"e6b6eb8\" data-element_type=\"section\" data-e-type=\"section\">\n\t\t\t\t\t\t<div class=\"elementor-container elementor-column-gap-default\">\n\t\t\t\t\t<div class=\"elementor-column elementor-col-100 elementor-top-column elementor-element elementor-element-89910ec\" data-id=\"89910ec\" data-element_type=\"column\" data-e-type=\"column\">\n\t\t\t<div class=\"elementor-widget-wrap elementor-element-populated\">\n\t\t\t\t\t\t<div class=\"elementor-element elementor-element-5747da7 elementor-widget elementor-widget-spacer\" data-id=\"5747da7\" data-element_type=\"widget\" data-e-type=\"widget\" data-widget_type=\"spacer.default\">\n\t\t\t\t<div class=\"elementor-widget-container\">\n\t\t\t\t\t\t\t<div class=\"elementor-spacer\">\n\t\t\t<div class=\"elementor-spacer-inner\"><\/div>\n\t\t<\/div>\n\t\t\t\t\t\t<\/div>\n\t\t\t\t<\/div>\n\t\t\t\t\t<\/div>\n\t\t<\/div>\n\t\t\t\t\t<\/div>\n\t\t<\/section>\n\t\t\t\t<section class=\"elementor-section elementor-top-section elementor-element elementor-element-83ff117 elementor-section-content-top elementor-section-boxed elementor-section-height-default elementor-section-height-default\" data-id=\"83ff117\" data-element_type=\"section\" data-e-type=\"section\">\n\t\t\t\t\t\t<div class=\"elementor-container elementor-column-gap-default\">\n\t\t\t\t\t<div class=\"elementor-column elementor-col-50 elementor-top-column elementor-element elementor-element-4863c79\" data-id=\"4863c79\" data-element_type=\"column\" data-e-type=\"column\" data-settings=\"{&quot;background_background&quot;:&quot;classic&quot;}\">\n\t\t\t<div class=\"elementor-widget-wrap elementor-element-populated\">\n\t\t\t\t\t\t<section class=\"elementor-section elementor-inner-section elementor-element elementor-element-368511f elementor-section-content-top elementor-hidden-tablet elementor-hidden-mobile elementor-section-boxed elementor-section-height-default elementor-section-height-default\" data-id=\"368511f\" data-element_type=\"section\" data-e-type=\"section\" data-settings=\"{&quot;background_background&quot;:&quot;classic&quot;}\">\n\t\t\t\t\t\t<div class=\"elementor-container elementor-column-gap-default\">\n\t\t\t\t\t<div class=\"elementor-column elementor-col-33 elementor-inner-column elementor-element elementor-element-661a323\" data-id=\"661a323\" data-element_type=\"column\" data-e-type=\"column\">\n\t\t\t<div class=\"elementor-widget-wrap elementor-element-populated\">\n\t\t\t\t\t\t<div class=\"elementor-element elementor-element-f0ca134 elementor-view-default elementor-widget elementor-widget-icon\" data-id=\"f0ca134\" data-element_type=\"widget\" data-e-type=\"widget\" data-widget_type=\"icon.default\">\n\t\t\t\t<div class=\"elementor-widget-container\">\n\t\t\t\t\t\t\t<div class=\"elementor-icon-wrapper\">\n\t\t\t<div class=\"elementor-icon\">\n\t\t\t<i aria-hidden=\"true\" class=\"fas fa-square\"><\/i>\t\t\t<\/div>\n\t\t<\/div>\n\t\t\t\t\t\t<\/div>\n\t\t\t\t<\/div>\n\t\t\t\t\t<\/div>\n\t\t<\/div>\n\t\t\t\t<div class=\"elementor-column elementor-col-33 elementor-inner-column elementor-element elementor-element-e6a362e\" data-id=\"e6a362e\" data-element_type=\"column\" data-e-type=\"column\">\n\t\t\t<div class=\"elementor-widget-wrap elementor-element-populated\">\n\t\t\t\t\t\t<div class=\"elementor-element elementor-element-c996edb elementor-widget elementor-widget-heading\" data-id=\"c996edb\" data-element_type=\"widget\" data-e-type=\"widget\" data-widget_type=\"heading.default\">\n\t\t\t\t<div class=\"elementor-widget-container\">\n\t\t\t\t\t<h3 class=\"elementor-heading-title elementor-size-default\"><a href=\"https:\/\/catholic-television.com\/es\/category\/oraciones-es\/\">ORACIONES<\/a><\/h3>\t\t\t\t<\/div>\n\t\t\t\t<\/div>\n\t\t\t\t\t<\/div>\n\t\t<\/div>\n\t\t\t\t<div class=\"elementor-column elementor-col-33 elementor-inner-column elementor-element elementor-element-9287a77\" data-id=\"9287a77\" data-element_type=\"column\" data-e-type=\"column\">\n\t\t\t<div class=\"elementor-widget-wrap elementor-element-populated\">\n\t\t\t\t\t\t<div class=\"elementor-element elementor-element-c6fb213 elementor-widget__width-inherit elementor-widget elementor-widget-spacer\" data-id=\"c6fb213\" data-element_type=\"widget\" data-e-type=\"widget\" data-widget_type=\"spacer.default\">\n\t\t\t\t<div class=\"elementor-widget-container\">\n\t\t\t\t\t\t\t<div class=\"elementor-spacer\">\n\t\t\t<div class=\"elementor-spacer-inner\"><\/div>\n\t\t<\/div>\n\t\t\t\t\t\t<\/div>\n\t\t\t\t<\/div>\n\t\t\t\t\t<\/div>\n\t\t<\/div>\n\t\t\t\t\t<\/div>\n\t\t<\/section>\n\t\t\t\t<section class=\"elementor-section elementor-inner-section elementor-element elementor-element-64aae26 elementor-section-content-top elementor-hidden-desktop elementor-hidden-tablet elementor-section-boxed elementor-section-height-default elementor-section-height-default\" data-id=\"64aae26\" data-element_type=\"section\" data-e-type=\"section\" data-settings=\"{&quot;background_background&quot;:&quot;classic&quot;}\">\n\t\t\t\t\t\t<div class=\"elementor-container elementor-column-gap-default\">\n\t\t\t\t\t<div class=\"elementor-column elementor-col-33 elementor-inner-column elementor-element elementor-element-fc219cb\" data-id=\"fc219cb\" data-element_type=\"column\" data-e-type=\"column\">\n\t\t\t<div class=\"elementor-widget-wrap elementor-element-populated\">\n\t\t\t\t\t\t<div class=\"elementor-element elementor-element-87dae83 elementor-view-default elementor-widget elementor-widget-icon\" data-id=\"87dae83\" data-element_type=\"widget\" data-e-type=\"widget\" data-widget_type=\"icon.default\">\n\t\t\t\t<div class=\"elementor-widget-container\">\n\t\t\t\t\t\t\t<div class=\"elementor-icon-wrapper\">\n\t\t\t<div class=\"elementor-icon\">\n\t\t\t<i aria-hidden=\"true\" class=\"fas fa-square\"><\/i>\t\t\t<\/div>\n\t\t<\/div>\n\t\t\t\t\t\t<\/div>\n\t\t\t\t<\/div>\n\t\t\t\t\t<\/div>\n\t\t<\/div>\n\t\t\t\t<div class=\"elementor-column elementor-col-33 elementor-inner-column elementor-element elementor-element-b22cd79\" data-id=\"b22cd79\" data-element_type=\"column\" data-e-type=\"column\">\n\t\t\t<div class=\"elementor-widget-wrap elementor-element-populated\">\n\t\t\t\t\t\t<div class=\"elementor-element elementor-element-8946257 elementor-widget elementor-widget-heading\" data-id=\"8946257\" data-element_type=\"widget\" data-e-type=\"widget\" data-widget_type=\"heading.default\">\n\t\t\t\t<div class=\"elementor-widget-container\">\n\t\t\t\t\t<h3 class=\"elementor-heading-title elementor-size-default\"><a href=\"https:\/\/catholic-television.com\/es\/category\/oraciones-es\/\">ORACIONES<\/a><\/h3>\t\t\t\t<\/div>\n\t\t\t\t<\/div>\n\t\t\t\t\t<\/div>\n\t\t<\/div>\n\t\t\t\t<div class=\"elementor-column elementor-col-33 elementor-inner-column elementor-element elementor-element-080cea6\" data-id=\"080cea6\" data-element_type=\"column\" data-e-type=\"column\">\n\t\t\t<div class=\"elementor-widget-wrap elementor-element-populated\">\n\t\t\t\t\t\t<div class=\"elementor-element elementor-element-6a27b9d elementor-widget__width-inherit elementor-widget elementor-widget-spacer\" data-id=\"6a27b9d\" data-element_type=\"widget\" data-e-type=\"widget\" data-widget_type=\"spacer.default\">\n\t\t\t\t<div class=\"elementor-widget-container\">\n\t\t\t\t\t\t\t<div class=\"elementor-spacer\">\n\t\t\t<div class=\"elementor-spacer-inner\"><\/div>\n\t\t<\/div>\n\t\t\t\t\t\t<\/div>\n\t\t\t\t<\/div>\n\t\t\t\t\t<\/div>\n\t\t<\/div>\n\t\t\t\t\t<\/div>\n\t\t<\/section>\n\t\t\t\t<section class=\"elementor-section elementor-inner-section elementor-element elementor-element-ff80893 elementor-section-boxed elementor-section-height-default elementor-section-height-default\" data-id=\"ff80893\" data-element_type=\"section\" data-e-type=\"section\">\n\t\t\t\t\t\t\t<div class=\"elementor-background-overlay\"><\/div>\n\t\t\t\t\t\t\t<div class=\"elementor-container elementor-column-gap-default\">\n\t\t\t\t\t<div class=\"elementor-column elementor-col-100 elementor-inner-column elementor-element elementor-element-c9ccb6b\" data-id=\"c9ccb6b\" data-element_type=\"column\" data-e-type=\"column\" data-settings=\"{&quot;background_background&quot;:&quot;classic&quot;}\">\n\t\t\t<div class=\"elementor-widget-wrap elementor-element-populated\">\n\t\t\t\t\t\t<div class=\"elementor-element elementor-element-74abf08 elementor-grid-eael-col-2 elementor-grid-tablet-eael-col-2 elementor-grid-mobile-eael-col-1 elementor-widget elementor-widget-eael-post-grid\" data-id=\"74abf08\" data-element_type=\"widget\" data-e-type=\"widget\" data-settings=\"{&quot;eael_post_grid_columns&quot;:&quot;eael-col-2&quot;,&quot;eael_post_grid_columns_tablet&quot;:&quot;eael-col-2&quot;,&quot;eael_post_grid_columns_mobile&quot;:&quot;eael-col-1&quot;}\" data-widget_type=\"eael-post-grid.default\">\n\t\t\t\t<div class=\"elementor-widget-container\">\n\t\t\t\t\t<div id=\"eael-post-grid-74abf08\" class=\"eael-post-grid-container\">\n            <div class=\"eael-post-grid eael-post-appender eael-post-appender-74abf08 eael-post-grid-style-two\" data-layout-mode=\"grid\"><article class=\"eael-grid-post  eael-post-grid-column eael-pg-post-14916 category-bienvenidos-compania-de-jesus-espiritualidad-ignaciana-oraciones-es-videos-videos-oraciones tags-conocer-a-dios-dios-en-nosotros-dios-nos-ama-dios-nos-da-vida-objetivo-de-nuestra-vida-oracion-ignaciana-oracion-jesuita-oracion-san-ignacio-loyola-principio-y-fundamento-ignaciano-regalos-de-dios-vida-de-dios-vivir-con-dios\" data-id=\"14916\">\n    <div class=\"eael-grid-post-holder\">\n        <div class=\"eael-grid-post-holder-inner\"><div class=\"eael-entry-media\"><div class=\"eael-entry-overlay fade-in\"><i class=\"fas fa-play-circle\" aria-hidden=\"true\"><\/i><a href=\"https:\/\/catholic-television.com\/es\/el-principio-y-fundamento-san-ignacio-loyola\/\"><\/a><\/div><div class=\"eael-entry-thumbnail \">\n                            <img fetchpriority=\"high\" decoding=\"async\" width=\"1024\" height=\"576\" src=\"https:\/\/catholic-television.com\/wp-content\/uploads\/2020\/10\/Exported-14.jpg\" class=\"attachment-full size-full wp-image-14917\" alt=\"El Principio y Fundamento - San Ignacio Loyola - Compa\u00f1\u00eda de Jes\u00fas\" style=\"width:100%;height:56.25%;max-width:1024px\" srcset=\"https:\/\/catholic-television.com\/wp-content\/uploads\/2020\/10\/Exported-14.jpg 1024w, https:\/\/catholic-television.com\/wp-content\/uploads\/2020\/10\/Exported-14-300x169.jpg 300w, https:\/\/catholic-television.com\/wp-content\/uploads\/2020\/10\/Exported-14-768x432.jpg 768w, https:\/\/catholic-television.com\/wp-content\/uploads\/2020\/10\/Exported-14-850x478.jpg 850w\" sizes=\"(max-width: 1024px) 100vw, 1024px\" \/>\n                            <\/div>\n                    <\/div><div class=\"eael-entry-wrapper\"><header class=\"eael-entry-header\"><h2 class=\"eael-entry-title\"><a class=\"eael-grid-post-link\" href=\"https:\/\/catholic-television.com\/es\/el-principio-y-fundamento-san-ignacio-loyola\/\" title=\"El Principio y Fundamento\">El Principio y Fundamento<\/a><\/h2><\/header><div class=\"eael-entry-content\">\n                                <div class=\"eael-grid-post-excerpt\"><p>San Ignacio de Loyola nos invita con su \u201cPrincipio y Fundamento\u201d a que reconozcamos ante todo que no vivimos en el aire y...<\/p><\/div>\n                            <\/div><div class=\"eael-entry-header-after style-two\"><div class=\"eael-entry-meta\"><span class=\"eael-meta-posted-on\"><i class=\"far fa-clock\"><\/i><time datetime=\"octubre 18, 2020\">octubre 18, 2020<\/time><\/span><\/div><\/div><\/div><\/div>\n    <\/div>\n<\/article><article class=\"eael-grid-post  eael-post-grid-column eael-pg-post-14909 category-bienvenidos-compania-de-jesus-espiritualidad-ignaciana-oraciones-es-videos-videos-oraciones tags-agua-de-cristo-alma-de-cristo-anima-christi-es-buen-jesus-cuerpo-de-cristo-embriagame-hora-de-muerte-maligno-enemigo-oracion-ignaciana-oracion-jesuita-oracion-san-ignacio-loyola-pasion-de-cristo-salvame-sangre-de-cristo-santificame-siglos-de-los-siglos\" data-id=\"14909\">\n    <div class=\"eael-grid-post-holder\">\n        <div class=\"eael-grid-post-holder-inner\"><div class=\"eael-entry-media\"><div class=\"eael-entry-overlay fade-in\"><i class=\"fas fa-play-circle\" aria-hidden=\"true\"><\/i><a href=\"https:\/\/catholic-television.com\/es\/alma-de-cristo-anima-christi-san-ignacio-loyola-jesuita\/\"><\/a><\/div><div class=\"eael-entry-thumbnail \">\n                            <img decoding=\"async\" width=\"1024\" height=\"576\" src=\"https:\/\/catholic-television.com\/wp-content\/uploads\/2020\/10\/Exported-13.jpg\" class=\"attachment-full size-full wp-image-14910\" alt=\"Alma de Cristo - Anima Christi - Oraci\u00f3n San Ignacio Jesuita\" style=\"width:100%;height:56.25%;max-width:1024px\" srcset=\"https:\/\/catholic-television.com\/wp-content\/uploads\/2020\/10\/Exported-13.jpg 1024w, https:\/\/catholic-television.com\/wp-content\/uploads\/2020\/10\/Exported-13-300x169.jpg 300w, https:\/\/catholic-television.com\/wp-content\/uploads\/2020\/10\/Exported-13-768x432.jpg 768w, https:\/\/catholic-television.com\/wp-content\/uploads\/2020\/10\/Exported-13-850x478.jpg 850w\" sizes=\"(max-width: 1024px) 100vw, 1024px\" \/>\n                            <\/div>\n                    <\/div><div class=\"eael-entry-wrapper\"><header class=\"eael-entry-header\"><h2 class=\"eael-entry-title\"><a class=\"eael-grid-post-link\" href=\"https:\/\/catholic-television.com\/es\/alma-de-cristo-anima-christi-san-ignacio-loyola-jesuita\/\" title=\"Alma de Cristo &#8211; Anima Christi\">Alma de Cristo &#8211; Anima Christi<\/a><\/h2><\/header><div class=\"eael-entry-content\">\n                                <div class=\"eael-grid-post-excerpt\"><p>Oraci\u00f3n de San Ignacio de Loyola Alma de Cristo, santif\u00edcame. Cuerpo de Cristo, s\u00e1lvame. Sangre de Cristo, embri\u00e1game. Agua del costado de Cristo,...<\/p><\/div>\n                            <\/div><div class=\"eael-entry-header-after style-two\"><div class=\"eael-entry-meta\"><span class=\"eael-meta-posted-on\"><i class=\"far fa-clock\"><\/i><time datetime=\"octubre 18, 2020\">octubre 18, 2020<\/time><\/span><\/div><\/div><\/div><\/div>\n    <\/div>\n<\/article><\/div>\n            <div class=\"clearfix\"><\/div>\n        <\/div>            <div class=\"eael-load-more-button-wrap eael-force-hide\">\n                <button class=\"eael-load-more-button\" id=\"eael-load-more-btn-74abf08\" data-widget-id=\"74abf08\" data-widget=\"74abf08\" data-page-id=\"5360\" data-template=\"{&quot;dir&quot;:&quot;lite&quot;,&quot;file_name&quot;:&quot;two.php&quot;,&quot;name&quot;:&quot;Post-Grid&quot;}\" data-class=\"Essential_Addons_Elementor\\Elements\\Post_Grid\" data-layout=\"grid\" data-page=\"1\" data-args=\"orderby=date&amp;order=desc&amp;ignore_sticky_posts=1&amp;post_status=publish&amp;posts_per_page=2&amp;offset=0&amp;post_type=post&amp;tax_query%5B0%5D%5Btaxonomy%5D=category&amp;tax_query%5B0%5D%5Bfield%5D=term_id&amp;tax_query%5B0%5D%5Bterms%5D%5B0%5D=662&amp;tax_query%5Brelation%5D=AND\" data-max-page=\"35\">\n                    <span class=\"eael-btn-loader button__loader\"><\/span>\n                    <span class=\"eael_load_more_text\">Load More<\/span>\n                <\/button>\n            <\/div>\n            \t\t\t\t<\/div>\n\t\t\t\t<\/div>\n\t\t\t\t<div class=\"elementor-element elementor-element-dea0dac elementor-widget elementor-widget-spacer\" data-id=\"dea0dac\" data-element_type=\"widget\" data-e-type=\"widget\" data-widget_type=\"spacer.default\">\n\t\t\t\t<div class=\"elementor-widget-container\">\n\t\t\t\t\t\t\t<div class=\"elementor-spacer\">\n\t\t\t<div class=\"elementor-spacer-inner\"><\/div>\n\t\t<\/div>\n\t\t\t\t\t\t<\/div>\n\t\t\t\t<\/div>\n\t\t\t\t\t<\/div>\n\t\t<\/div>\n\t\t\t\t\t<\/div>\n\t\t<\/section>\n\t\t\t\t<section class=\"elementor-section elementor-inner-section elementor-element elementor-element-97a3ee7 elementor-hidden-tablet elementor-hidden-mobile elementor-section-boxed elementor-section-height-default elementor-section-height-default\" data-id=\"97a3ee7\" data-element_type=\"section\" data-e-type=\"section\" data-settings=\"{&quot;background_background&quot;:&quot;classic&quot;}\">\n\t\t\t\t\t\t\t<div class=\"elementor-background-overlay\"><\/div>\n\t\t\t\t\t\t\t<div class=\"elementor-container elementor-column-gap-default\">\n\t\t\t\t\t<div class=\"elementor-column elementor-col-100 elementor-inner-column elementor-element elementor-element-1ab8f8a\" data-id=\"1ab8f8a\" data-element_type=\"column\" data-e-type=\"column\">\n\t\t\t<div class=\"elementor-widget-wrap elementor-element-populated\">\n\t\t\t\t\t\t<div class=\"elementor-element elementor-element-1287233 elementor-grid-2 elementor-posts--thumbnail-left elementor-grid-tablet-2 elementor-grid-mobile-1 elementor-widget elementor-widget-posts\" data-id=\"1287233\" data-element_type=\"widget\" data-e-type=\"widget\" data-settings=\"{&quot;classic_columns&quot;:&quot;2&quot;,&quot;classic_columns_tablet&quot;:&quot;2&quot;,&quot;classic_columns_mobile&quot;:&quot;1&quot;,&quot;classic_row_gap&quot;:{&quot;unit&quot;:&quot;px&quot;,&quot;size&quot;:35,&quot;sizes&quot;:[]},&quot;classic_row_gap_tablet&quot;:{&quot;unit&quot;:&quot;px&quot;,&quot;size&quot;:&quot;&quot;,&quot;sizes&quot;:[]},&quot;classic_row_gap_mobile&quot;:{&quot;unit&quot;:&quot;px&quot;,&quot;size&quot;:&quot;&quot;,&quot;sizes&quot;:[]}}\" data-widget_type=\"posts.classic\">\n\t\t\t\t<div class=\"elementor-widget-container\">\n\t\t\t\t\t\t\t<div class=\"elementor-posts-container elementor-posts elementor-posts--skin-classic elementor-grid\">\n\t\t\t\t<article class=\"elementor-post elementor-grid-item post-14895 post type-post status-publish format-video has-post-thumbnail hentry category-bienvenidos category-compania-de-jesus category-espiritualidad-ignaciana category-oraciones-es category-videos category-videos-oraciones tag-bondad-divina tag-bondad-suprema tag-gracia-abundante tag-oracion-buscar-voluntad-dios tag-oracion-ignaciana tag-oracion-jesuita tag-oracion-san-ignacio-loyola tag-santisima-voluntad tag-seguir-voluntad-de-dios post_format-post-format-video entry\">\n\t\t\t\t<a class=\"elementor-post__thumbnail__link\" href=\"https:\/\/catholic-television.com\/es\/oracion-para-buscar-la-voluntad-de-dios-espiritualidad-ignaciana\/\" tabindex=\"-1\" >\n\t\t\t<div class=\"elementor-post__thumbnail\"><img decoding=\"async\" width=\"300\" height=\"169\" src=\"https:\/\/catholic-television.com\/wp-content\/uploads\/2020\/10\/Exported-11-300x169.jpg\" class=\"attachment-medium size-medium wp-image-14896\" alt=\"Oraci\u00f3n para buscar la voluntad de Dios - Espiritualidad Ignaciana\" style=\"width:100%;height:56.25%;max-width:1024px\" srcset=\"https:\/\/catholic-television.com\/wp-content\/uploads\/2020\/10\/Exported-11-300x169.jpg 300w, https:\/\/catholic-television.com\/wp-content\/uploads\/2020\/10\/Exported-11-768x432.jpg 768w, https:\/\/catholic-television.com\/wp-content\/uploads\/2020\/10\/Exported-11-850x478.jpg 850w, https:\/\/catholic-television.com\/wp-content\/uploads\/2020\/10\/Exported-11.jpg 1024w\" sizes=\"(max-width: 300px) 100vw, 300px\" \/><\/div>\n\t\t<\/a>\n\t\t\t\t<div class=\"elementor-post__text\">\n\t\t\t\t<h3 class=\"elementor-post__title\">\n\t\t\t<a href=\"https:\/\/catholic-television.com\/es\/oracion-para-buscar-la-voluntad-de-dios-espiritualidad-ignaciana\/\" >\n\t\t\t\tOraci\u00f3n para buscar la voluntad de Dios\t\t\t<\/a>\n\t\t<\/h3>\n\t\t\t\t<div class=\"elementor-post__meta-data\">\n\t\t\t\t\t<span class=\"elementor-post-date\">\n\t\t\toctubre 18, 2020\t\t<\/span>\n\t\t\t\t<\/div>\n\t\t\t\t<\/div>\n\t\t\t\t<\/article>\n\t\t\t\t<article class=\"elementor-post elementor-grid-item post-14888 post type-post status-publish format-video has-post-thumbnail hentry category-bienvenidos category-compania-de-jesus category-espiritualidad-ignaciana category-oraciones-es category-videos category-videos-oraciones tag-amor tag-entendimiento tag-entrega-a-dios tag-entrega-al-senor tag-gracia tag-libertad tag-memoria tag-oracion-de-entrega tag-oracion-ignaciana tag-oracion-jesuita tag-oracion-san-ignacio-loyola tag-recibir-dios tag-recibir-senor tag-voluntad post_format-post-format-video entry\">\n\t\t\t\t<a class=\"elementor-post__thumbnail__link\" href=\"https:\/\/catholic-television.com\/es\/oracion-de-entrega-al-senor-san-ignacio-loyola\/\" tabindex=\"-1\" >\n\t\t\t<div class=\"elementor-post__thumbnail\"><img loading=\"lazy\" decoding=\"async\" width=\"300\" height=\"169\" src=\"https:\/\/catholic-television.com\/wp-content\/uploads\/2020\/10\/Exported-10-300x169.jpg\" class=\"attachment-medium size-medium wp-image-14889\" alt=\"Oraci\u00f3n de entrega al Se\u00f1or - Manera Ignaciana de Orar - Ignacio Loyola\" style=\"width:100%;height:56.25%;max-width:1024px\" srcset=\"https:\/\/catholic-television.com\/wp-content\/uploads\/2020\/10\/Exported-10-300x169.jpg 300w, https:\/\/catholic-television.com\/wp-content\/uploads\/2020\/10\/Exported-10-768x432.jpg 768w, https:\/\/catholic-television.com\/wp-content\/uploads\/2020\/10\/Exported-10-850x478.jpg 850w, https:\/\/catholic-television.com\/wp-content\/uploads\/2020\/10\/Exported-10.jpg 1024w\" sizes=\"(max-width: 300px) 100vw, 300px\" \/><\/div>\n\t\t<\/a>\n\t\t\t\t<div class=\"elementor-post__text\">\n\t\t\t\t<h3 class=\"elementor-post__title\">\n\t\t\t<a href=\"https:\/\/catholic-television.com\/es\/oracion-de-entrega-al-senor-san-ignacio-loyola\/\" >\n\t\t\t\tOraci\u00f3n de entrega al Se\u00f1or\t\t\t<\/a>\n\t\t<\/h3>\n\t\t\t\t<div class=\"elementor-post__meta-data\">\n\t\t\t\t\t<span class=\"elementor-post-date\">\n\t\t\toctubre 18, 2020\t\t<\/span>\n\t\t\t\t<\/div>\n\t\t\t\t<\/div>\n\t\t\t\t<\/article>\n\t\t\t\t<article class=\"elementor-post elementor-grid-item post-14881 post type-post status-publish format-video has-post-thumbnail hentry category-bienvenidos category-compania-de-jesus category-espiritualidad-ignaciana category-oraciones-es category-videos category-videos-oraciones tag-bendice-esfuerzos tag-clarificar-intenciones tag-deseos-contradictorios tag-oracion-ignaciana tag-oracion-jesuita tag-oracion-san-ignacio-loyola tag-oracion-todo-momento tag-purifica-sentimientos tag-santifica-pensamientos tag-vida-segun-dios post_format-post-format-video entry\">\n\t\t\t\t<a class=\"elementor-post__thumbnail__link\" href=\"https:\/\/catholic-television.com\/es\/oracion-para-rezar-en-todo-momento-san-ignacio-de-loyola\/\" tabindex=\"-1\" >\n\t\t\t<div class=\"elementor-post__thumbnail\"><img loading=\"lazy\" decoding=\"async\" width=\"300\" height=\"169\" src=\"https:\/\/catholic-television.com\/wp-content\/uploads\/2020\/10\/Exported-9-300x169.jpg\" class=\"attachment-medium size-medium wp-image-14882\" alt=\"Oraci\u00f3n para rezar en todo momento - Oraci\u00f3n Ignaciana Jesuita\" style=\"width:100%;height:56.25%;max-width:1024px\" srcset=\"https:\/\/catholic-television.com\/wp-content\/uploads\/2020\/10\/Exported-9-300x169.jpg 300w, https:\/\/catholic-television.com\/wp-content\/uploads\/2020\/10\/Exported-9-768x432.jpg 768w, https:\/\/catholic-television.com\/wp-content\/uploads\/2020\/10\/Exported-9-850x478.jpg 850w, https:\/\/catholic-television.com\/wp-content\/uploads\/2020\/10\/Exported-9.jpg 1024w\" sizes=\"(max-width: 300px) 100vw, 300px\" \/><\/div>\n\t\t<\/a>\n\t\t\t\t<div class=\"elementor-post__text\">\n\t\t\t\t<h3 class=\"elementor-post__title\">\n\t\t\t<a href=\"https:\/\/catholic-television.com\/es\/oracion-para-rezar-en-todo-momento-san-ignacio-de-loyola\/\" >\n\t\t\t\tOraci\u00f3n para rezar en todo momento\t\t\t<\/a>\n\t\t<\/h3>\n\t\t\t\t<div class=\"elementor-post__meta-data\">\n\t\t\t\t\t<span class=\"elementor-post-date\">\n\t\t\toctubre 18, 2020\t\t<\/span>\n\t\t\t\t<\/div>\n\t\t\t\t<\/div>\n\t\t\t\t<\/article>\n\t\t\t\t<article class=\"elementor-post elementor-grid-item post-14874 post type-post status-publish format-video has-post-thumbnail hentry category-bienvenidos category-compania-de-jesus category-espiritualidad-ignaciana category-oraciones-es category-videos category-videos-oraciones tag-amor-de-dios tag-amor-protector tag-confianza-perfecta tag-cristo-jesus tag-debilidad tag-fortaleza-espiritual tag-impotencia tag-oracion-contra-depresion tag-oracion-ignaciana tag-oracion-jesuita tag-oracion-san-ignacio-loyola tag-oscuridad tag-proposito-de-vida tag-sentido-de-vida tag-voluntad-de-dios post_format-post-format-video entry\">\n\t\t\t\t<a class=\"elementor-post__thumbnail__link\" href=\"https:\/\/catholic-television.com\/es\/oracion-contra-la-depresion-san-ignacio-loyola\/\" tabindex=\"-1\" >\n\t\t\t<div class=\"elementor-post__thumbnail\"><img loading=\"lazy\" decoding=\"async\" width=\"300\" height=\"169\" src=\"https:\/\/catholic-television.com\/wp-content\/uploads\/2020\/10\/Exported-8-300x169.jpg\" class=\"attachment-medium size-medium wp-image-14875\" alt=\"Oraci\u00f3n contra la depresi\u00f3n - San Ignacio de Loyola\" style=\"width:100%;height:56.25%;max-width:1024px\" srcset=\"https:\/\/catholic-television.com\/wp-content\/uploads\/2020\/10\/Exported-8-300x169.jpg 300w, https:\/\/catholic-television.com\/wp-content\/uploads\/2020\/10\/Exported-8-768x432.jpg 768w, https:\/\/catholic-television.com\/wp-content\/uploads\/2020\/10\/Exported-8-850x478.jpg 850w, https:\/\/catholic-television.com\/wp-content\/uploads\/2020\/10\/Exported-8.jpg 1024w\" sizes=\"(max-width: 300px) 100vw, 300px\" \/><\/div>\n\t\t<\/a>\n\t\t\t\t<div class=\"elementor-post__text\">\n\t\t\t\t<h3 class=\"elementor-post__title\">\n\t\t\t<a href=\"https:\/\/catholic-television.com\/es\/oracion-contra-la-depresion-san-ignacio-loyola\/\" >\n\t\t\t\tOraci\u00f3n contra la depresi\u00f3n\t\t\t<\/a>\n\t\t<\/h3>\n\t\t\t\t<div class=\"elementor-post__meta-data\">\n\t\t\t\t\t<span class=\"elementor-post-date\">\n\t\t\toctubre 18, 2020\t\t<\/span>\n\t\t\t\t<\/div>\n\t\t\t\t<\/div>\n\t\t\t\t<\/article>\n\t\t\t\t<article class=\"elementor-post elementor-grid-item post-11444 post type-post status-publish format-video has-post-thumbnail hentry category-bienvenidos category-oraciones-es category-videos category-videos-oraciones tag-defiendenos-batalla tag-divino-poder tag-espiritus-malignos tag-milicia-celestial tag-nuestro-amparo tag-perdicion-almas tag-perversidad-asechanzas tag-reprimale-dios tag-san-miguel-arcangel post_format-post-format-video entry\">\n\t\t\t\t<a class=\"elementor-post__thumbnail__link\" href=\"https:\/\/catholic-television.com\/es\/oracion-san-miguel-arcangel-amparo\/\" tabindex=\"-1\" >\n\t\t\t<div class=\"elementor-post__thumbnail\"><img loading=\"lazy\" decoding=\"async\" width=\"300\" height=\"169\" src=\"https:\/\/catholic-television.com\/wp-content\/uploads\/2020\/05\/Oraci\u00f3n-San-Miguel-San-Miguel-Arc\u00e1ngel-defi\u00e9ndenos-batalla-almas-300x169.jpg\" class=\"attachment-medium size-medium wp-image-11445\" alt=\"Oraci\u00f3n San Miguel | San Miguel Arc\u00e1ngel | defi\u00e9ndenos batalla | almas\" style=\"width:100%;height:56.25%;max-width:1024px\" srcset=\"https:\/\/catholic-television.com\/wp-content\/uploads\/2020\/05\/Oraci\u00f3n-San-Miguel-San-Miguel-Arc\u00e1ngel-defi\u00e9ndenos-batalla-almas-300x169.jpg 300w, https:\/\/catholic-television.com\/wp-content\/uploads\/2020\/05\/Oraci\u00f3n-San-Miguel-San-Miguel-Arc\u00e1ngel-defi\u00e9ndenos-batalla-almas-768x432.jpg 768w, https:\/\/catholic-television.com\/wp-content\/uploads\/2020\/05\/Oraci\u00f3n-San-Miguel-San-Miguel-Arc\u00e1ngel-defi\u00e9ndenos-batalla-almas-850x478.jpg 850w, https:\/\/catholic-television.com\/wp-content\/uploads\/2020\/05\/Oraci\u00f3n-San-Miguel-San-Miguel-Arc\u00e1ngel-defi\u00e9ndenos-batalla-almas.jpg 1024w\" sizes=\"(max-width: 300px) 100vw, 300px\" \/><\/div>\n\t\t<\/a>\n\t\t\t\t<div class=\"elementor-post__text\">\n\t\t\t\t<h3 class=\"elementor-post__title\">\n\t\t\t<a href=\"https:\/\/catholic-television.com\/es\/oracion-san-miguel-arcangel-amparo\/\" >\n\t\t\t\tOraci\u00f3n a San Miguel Arc\u00e1ngel\t\t\t<\/a>\n\t\t<\/h3>\n\t\t\t\t<div class=\"elementor-post__meta-data\">\n\t\t\t\t\t<span class=\"elementor-post-date\">\n\t\t\tmayo 2, 2020\t\t<\/span>\n\t\t\t\t<\/div>\n\t\t\t\t<\/div>\n\t\t\t\t<\/article>\n\t\t\t\t<article class=\"elementor-post elementor-grid-item post-11436 post type-post status-publish format-video has-post-thumbnail hentry category-bienvenidos category-oraciones-es category-videos category-videos-oraciones tag-causaron-dolor tag-cruz-perdonaste tag-guardar-rencor tag-hecho-sufrir tag-jesucristo tag-nuestro-senor tag-ofendieron-injuriaron tag-perdonar-corazon tag-perdonar-errores tag-sabiduria-corazon post_format-post-format-video entry\">\n\t\t\t\t<a class=\"elementor-post__thumbnail__link\" href=\"https:\/\/catholic-television.com\/es\/oracion-para-poder-perdonar\/\" tabindex=\"-1\" >\n\t\t\t<div class=\"elementor-post__thumbnail\"><img loading=\"lazy\" decoding=\"async\" width=\"300\" height=\"169\" src=\"https:\/\/catholic-television.com\/wp-content\/uploads\/2020\/05\/Oraci\u00f3n-para-poder-perdonar-cruz-perdonaste-ofendieron-injuriaron-300x169.jpg\" class=\"attachment-medium size-medium wp-image-11437\" alt=\"Oraci\u00f3n para poder perdonar | cruz perdonaste | ofendieron injuriaron\" style=\"width:100%;height:56.25%;max-width:1024px\" srcset=\"https:\/\/catholic-television.com\/wp-content\/uploads\/2020\/05\/Oraci\u00f3n-para-poder-perdonar-cruz-perdonaste-ofendieron-injuriaron-300x169.jpg 300w, https:\/\/catholic-television.com\/wp-content\/uploads\/2020\/05\/Oraci\u00f3n-para-poder-perdonar-cruz-perdonaste-ofendieron-injuriaron-768x432.jpg 768w, https:\/\/catholic-television.com\/wp-content\/uploads\/2020\/05\/Oraci\u00f3n-para-poder-perdonar-cruz-perdonaste-ofendieron-injuriaron-850x478.jpg 850w, https:\/\/catholic-television.com\/wp-content\/uploads\/2020\/05\/Oraci\u00f3n-para-poder-perdonar-cruz-perdonaste-ofendieron-injuriaron.jpg 1024w\" sizes=\"(max-width: 300px) 100vw, 300px\" \/><\/div>\n\t\t<\/a>\n\t\t\t\t<div class=\"elementor-post__text\">\n\t\t\t\t<h3 class=\"elementor-post__title\">\n\t\t\t<a href=\"https:\/\/catholic-television.com\/es\/oracion-para-poder-perdonar\/\" >\n\t\t\t\tOraci\u00f3n para poder perdonar\t\t\t<\/a>\n\t\t<\/h3>\n\t\t\t\t<div class=\"elementor-post__meta-data\">\n\t\t\t\t\t<span class=\"elementor-post-date\">\n\t\t\tmayo 2, 2020\t\t<\/span>\n\t\t\t\t<\/div>\n\t\t\t\t<\/div>\n\t\t\t\t<\/article>\n\t\t\t\t<\/div>\n\t\t\n\t\t\t\t\t\t<\/div>\n\t\t\t\t<\/div>\n\t\t\t\t\t<\/div>\n\t\t<\/div>\n\t\t\t\t\t<\/div>\n\t\t<\/section>\n\t\t\t\t<section class=\"elementor-section elementor-inner-section elementor-element elementor-element-7183c0f elementor-hidden-desktop elementor-hidden-tablet elementor-section-boxed elementor-section-height-default elementor-section-height-default\" data-id=\"7183c0f\" data-element_type=\"section\" data-e-type=\"section\" data-settings=\"{&quot;background_background&quot;:&quot;classic&quot;}\">\n\t\t\t\t\t\t\t<div class=\"elementor-background-overlay\"><\/div>\n\t\t\t\t\t\t\t<div class=\"elementor-container elementor-column-gap-default\">\n\t\t\t\t\t<div class=\"elementor-column elementor-col-100 elementor-inner-column elementor-element elementor-element-000752c\" data-id=\"000752c\" data-element_type=\"column\" data-e-type=\"column\">\n\t\t\t<div class=\"elementor-widget-wrap elementor-element-populated\">\n\t\t\t\t\t\t\t<\/div>\n\t\t<\/div>\n\t\t\t\t\t<\/div>\n\t\t<\/section>\n\t\t\t\t<section class=\"elementor-section elementor-inner-section elementor-element elementor-element-9bcf455 elementor-section-boxed elementor-section-height-default elementor-section-height-default\" data-id=\"9bcf455\" data-element_type=\"section\" data-e-type=\"section\">\n\t\t\t\t\t\t<div class=\"elementor-container elementor-column-gap-default\">\n\t\t\t\t\t<div class=\"elementor-column elementor-col-100 elementor-inner-column elementor-element elementor-element-76b159b\" data-id=\"76b159b\" data-element_type=\"column\" data-e-type=\"column\">\n\t\t\t<div class=\"elementor-widget-wrap elementor-element-populated\">\n\t\t\t\t\t\t<div class=\"elementor-element elementor-element-f79ed43 elementor-widget elementor-widget-spacer\" data-id=\"f79ed43\" data-element_type=\"widget\" data-e-type=\"widget\" data-widget_type=\"spacer.default\">\n\t\t\t\t<div class=\"elementor-widget-container\">\n\t\t\t\t\t\t\t<div class=\"elementor-spacer\">\n\t\t\t<div class=\"elementor-spacer-inner\"><\/div>\n\t\t<\/div>\n\t\t\t\t\t\t<\/div>\n\t\t\t\t<\/div>\n\t\t\t\t\t<\/div>\n\t\t<\/div>\n\t\t\t\t\t<\/div>\n\t\t<\/section>\n\t\t\t\t<section class=\"elementor-section elementor-inner-section elementor-element elementor-element-1de1cb3 elementor-hidden-tablet elementor-hidden-mobile elementor-section-boxed elementor-section-height-default elementor-section-height-default\" data-id=\"1de1cb3\" data-element_type=\"section\" data-e-type=\"section\" data-settings=\"{&quot;background_background&quot;:&quot;classic&quot;}\">\n\t\t\t\t\t\t<div class=\"elementor-container elementor-column-gap-default\">\n\t\t\t\t\t<div class=\"elementor-column elementor-col-33 elementor-inner-column elementor-element elementor-element-e3ff261\" data-id=\"e3ff261\" data-element_type=\"column\" data-e-type=\"column\">\n\t\t\t<div class=\"elementor-widget-wrap elementor-element-populated\">\n\t\t\t\t\t\t<div class=\"elementor-element elementor-element-28717ba elementor-view-default elementor-widget elementor-widget-icon\" data-id=\"28717ba\" data-element_type=\"widget\" data-e-type=\"widget\" data-widget_type=\"icon.default\">\n\t\t\t\t<div class=\"elementor-widget-container\">\n\t\t\t\t\t\t\t<div class=\"elementor-icon-wrapper\">\n\t\t\t<div class=\"elementor-icon\">\n\t\t\t<i aria-hidden=\"true\" class=\"fas fa-square\"><\/i>\t\t\t<\/div>\n\t\t<\/div>\n\t\t\t\t\t\t<\/div>\n\t\t\t\t<\/div>\n\t\t\t\t\t<\/div>\n\t\t<\/div>\n\t\t\t\t<div class=\"elementor-column elementor-col-33 elementor-inner-column elementor-element elementor-element-fd3ee12\" data-id=\"fd3ee12\" data-element_type=\"column\" data-e-type=\"column\">\n\t\t\t<div class=\"elementor-widget-wrap elementor-element-populated\">\n\t\t\t\t\t\t<div class=\"elementor-element elementor-element-b0d68d9 elementor-widget elementor-widget-heading\" data-id=\"b0d68d9\" data-element_type=\"widget\" data-e-type=\"widget\" data-widget_type=\"heading.default\">\n\t\t\t\t<div class=\"elementor-widget-container\">\n\t\t\t\t\t<h3 class=\"elementor-heading-title elementor-size-default\"><a href=\"https:\/\/catholic-television.com\/es\/category\/salmos\/\">SALMOS<\/a><\/h3>\t\t\t\t<\/div>\n\t\t\t\t<\/div>\n\t\t\t\t\t<\/div>\n\t\t<\/div>\n\t\t\t\t<div class=\"elementor-column elementor-col-33 elementor-inner-column elementor-element elementor-element-934609b\" data-id=\"934609b\" data-element_type=\"column\" data-e-type=\"column\">\n\t\t\t<div class=\"elementor-widget-wrap elementor-element-populated\">\n\t\t\t\t\t\t<div class=\"elementor-element elementor-element-4df696d elementor-widget__width-inherit elementor-widget elementor-widget-spacer\" data-id=\"4df696d\" data-element_type=\"widget\" data-e-type=\"widget\" data-widget_type=\"spacer.default\">\n\t\t\t\t<div class=\"elementor-widget-container\">\n\t\t\t\t\t\t\t<div class=\"elementor-spacer\">\n\t\t\t<div class=\"elementor-spacer-inner\"><\/div>\n\t\t<\/div>\n\t\t\t\t\t\t<\/div>\n\t\t\t\t<\/div>\n\t\t\t\t\t<\/div>\n\t\t<\/div>\n\t\t\t\t\t<\/div>\n\t\t<\/section>\n\t\t\t\t<section class=\"elementor-section elementor-inner-section elementor-element elementor-element-957ce89 elementor-hidden-desktop elementor-hidden-tablet elementor-section-boxed elementor-section-height-default elementor-section-height-default\" data-id=\"957ce89\" data-element_type=\"section\" data-e-type=\"section\" data-settings=\"{&quot;background_background&quot;:&quot;classic&quot;}\">\n\t\t\t\t\t\t<div class=\"elementor-container elementor-column-gap-default\">\n\t\t\t\t\t<div class=\"elementor-column elementor-col-33 elementor-inner-column elementor-element elementor-element-f64b5e5\" data-id=\"f64b5e5\" data-element_type=\"column\" data-e-type=\"column\">\n\t\t\t<div class=\"elementor-widget-wrap elementor-element-populated\">\n\t\t\t\t\t\t<div class=\"elementor-element elementor-element-dc75a37 elementor-view-default elementor-widget elementor-widget-icon\" data-id=\"dc75a37\" data-element_type=\"widget\" data-e-type=\"widget\" data-widget_type=\"icon.default\">\n\t\t\t\t<div class=\"elementor-widget-container\">\n\t\t\t\t\t\t\t<div class=\"elementor-icon-wrapper\">\n\t\t\t<div class=\"elementor-icon\">\n\t\t\t<i aria-hidden=\"true\" class=\"fas fa-square\"><\/i>\t\t\t<\/div>\n\t\t<\/div>\n\t\t\t\t\t\t<\/div>\n\t\t\t\t<\/div>\n\t\t\t\t\t<\/div>\n\t\t<\/div>\n\t\t\t\t<div class=\"elementor-column elementor-col-33 elementor-inner-column elementor-element elementor-element-47b176d\" data-id=\"47b176d\" data-element_type=\"column\" data-e-type=\"column\">\n\t\t\t<div class=\"elementor-widget-wrap elementor-element-populated\">\n\t\t\t\t\t\t<div class=\"elementor-element elementor-element-7b5719c elementor-widget elementor-widget-heading\" data-id=\"7b5719c\" data-element_type=\"widget\" data-e-type=\"widget\" data-widget_type=\"heading.default\">\n\t\t\t\t<div class=\"elementor-widget-container\">\n\t\t\t\t\t<h3 class=\"elementor-heading-title elementor-size-default\"><a href=\"https:\/\/catholic-television.com\/es\/category\/salmos\/\">SALMOS<\/a><\/h3>\t\t\t\t<\/div>\n\t\t\t\t<\/div>\n\t\t\t\t\t<\/div>\n\t\t<\/div>\n\t\t\t\t<div class=\"elementor-column elementor-col-33 elementor-inner-column elementor-element elementor-element-420090f\" data-id=\"420090f\" data-element_type=\"column\" data-e-type=\"column\">\n\t\t\t<div class=\"elementor-widget-wrap elementor-element-populated\">\n\t\t\t\t\t\t<div class=\"elementor-element elementor-element-0fddc66 elementor-widget__width-inherit elementor-widget elementor-widget-spacer\" data-id=\"0fddc66\" data-element_type=\"widget\" data-e-type=\"widget\" data-widget_type=\"spacer.default\">\n\t\t\t\t<div class=\"elementor-widget-container\">\n\t\t\t\t\t\t\t<div class=\"elementor-spacer\">\n\t\t\t<div class=\"elementor-spacer-inner\"><\/div>\n\t\t<\/div>\n\t\t\t\t\t\t<\/div>\n\t\t\t\t<\/div>\n\t\t\t\t\t<\/div>\n\t\t<\/div>\n\t\t\t\t\t<\/div>\n\t\t<\/section>\n\t\t\t\t<section class=\"elementor-section elementor-inner-section elementor-element elementor-element-975465b elementor-section-boxed elementor-section-height-default elementor-section-height-default\" data-id=\"975465b\" data-element_type=\"section\" data-e-type=\"section\" data-settings=\"{&quot;background_background&quot;:&quot;classic&quot;}\">\n\t\t\t\t\t\t\t<div class=\"elementor-background-overlay\"><\/div>\n\t\t\t\t\t\t\t<div class=\"elementor-container elementor-column-gap-default\">\n\t\t\t\t\t<div class=\"elementor-column elementor-col-100 elementor-inner-column elementor-element elementor-element-2adb8b6\" data-id=\"2adb8b6\" data-element_type=\"column\" data-e-type=\"column\" data-settings=\"{&quot;background_background&quot;:&quot;classic&quot;}\">\n\t\t\t<div class=\"elementor-widget-wrap elementor-element-populated\">\n\t\t\t\t\t\t<div class=\"elementor-element elementor-element-142a775 elementor-grid-eael-col-2 elementor-grid-tablet-eael-col-2 elementor-grid-mobile-eael-col-1 elementor-widget elementor-widget-eael-post-grid\" data-id=\"142a775\" data-element_type=\"widget\" data-e-type=\"widget\" data-settings=\"{&quot;eael_post_grid_columns&quot;:&quot;eael-col-2&quot;,&quot;eael_post_grid_columns_tablet&quot;:&quot;eael-col-2&quot;,&quot;eael_post_grid_columns_mobile&quot;:&quot;eael-col-1&quot;}\" data-widget_type=\"eael-post-grid.default\">\n\t\t\t\t<div class=\"elementor-widget-container\">\n\t\t\t\t\t<div id=\"eael-post-grid-142a775\" class=\"eael-post-grid-container\">\n            <div class=\"eael-post-grid eael-post-appender eael-post-appender-142a775 eael-post-grid-style-two\" data-layout-mode=\"grid\"><article class=\"eael-grid-post  eael-post-grid-column eael-pg-post-14746 category-bienvenidos-salmos tags-alabad-senor-alabadlo-danzas-alabadlo-firmamento-alabadlo-flautas-alabe-senor-arpas-citaras-inmensa-grandeza-obras-magnificas-platillos-sonoros-platillos-vitales-salmo-150-sinfonia-universal-tocando-trompetas\" data-id=\"14746\">\n    <div class=\"eael-grid-post-holder\">\n        <div class=\"eael-grid-post-holder-inner\"><div class=\"eael-entry-media\"><div class=\"eael-entry-overlay fade-in\"><i class=\"fas fa-play-circle\" aria-hidden=\"true\"><\/i><a href=\"https:\/\/catholic-television.com\/es\/salmo-150-sinfonia-universal\/\"><\/a><\/div><div class=\"eael-entry-thumbnail \">\n                            <img loading=\"lazy\" decoding=\"async\" width=\"1024\" height=\"576\" src=\"https:\/\/catholic-television.com\/wp-content\/uploads\/2020\/06\/Salmo-150-Sinfon\u00eda-universal-Alabad-Se\u00f1or-alabadlo-firmamento.jpg\" class=\"attachment-full size-full wp-image-14747\" alt=\"Salmo 150 - Sinfon\u00eda universal | Alabad Se\u00f1or | alabadlo firmamento\" style=\"width:100%;height:56.25%;max-width:1024px\" srcset=\"https:\/\/catholic-television.com\/wp-content\/uploads\/2020\/06\/Salmo-150-Sinfon\u00eda-universal-Alabad-Se\u00f1or-alabadlo-firmamento.jpg 1024w, https:\/\/catholic-television.com\/wp-content\/uploads\/2020\/06\/Salmo-150-Sinfon\u00eda-universal-Alabad-Se\u00f1or-alabadlo-firmamento-300x169.jpg 300w, https:\/\/catholic-television.com\/wp-content\/uploads\/2020\/06\/Salmo-150-Sinfon\u00eda-universal-Alabad-Se\u00f1or-alabadlo-firmamento-768x432.jpg 768w, https:\/\/catholic-television.com\/wp-content\/uploads\/2020\/06\/Salmo-150-Sinfon\u00eda-universal-Alabad-Se\u00f1or-alabadlo-firmamento-850x478.jpg 850w\" sizes=\"(max-width: 1024px) 100vw, 1024px\" \/>\n                            <\/div>\n                    <\/div><div class=\"eael-entry-wrapper\"><header class=\"eael-entry-header\"><h2 class=\"eael-entry-title\"><a class=\"eael-grid-post-link\" href=\"https:\/\/catholic-television.com\/es\/salmo-150-sinfonia-universal\/\" title=\"Salmo 150 &#8211; Sinfon\u00eda universal\">Salmo 150 &#8211; Sinfon\u00eda universal<\/a><\/h2><\/header><div class=\"eael-entry-content\">\n                                <div class=\"eael-grid-post-excerpt\"><p>Salmo 150 Sinfon\u00eda universal Aleluya. Alabad al Se\u00f1or en su templo, alabadlo en su fuerte firmamento; alabadlo por sus obras magn\u00edficas, alabadlo por su inmensa<\/p><\/div>\n                            <\/div><div class=\"eael-entry-header-after style-two\"><div class=\"eael-entry-meta\"><span class=\"eael-meta-posted-on\"><i class=\"far fa-clock\"><\/i><time datetime=\"junio 23, 2020\">junio 23, 2020<\/time><\/span><\/div><\/div><\/div><\/div>\n    <\/div>\n<\/article><article class=\"eael-grid-post  eael-post-grid-column eael-pg-post-14739 category-bienvenidos-salmos tags-alabad-nombre-ama-pueblo-asamblea-fieles-cantad-senor-cantadle-citaras-cantico-nuevo-castigo-naciones-fieles-festejan-hijos-sion-israel-creador-resuene-alabanza-sentencia-dictada-victoria-humilde-vitores-dios\" data-id=\"14739\">\n    <div class=\"eael-grid-post-holder\">\n        <div class=\"eael-grid-post-holder-inner\"><div class=\"eael-entry-media\"><div class=\"eael-entry-overlay fade-in\"><i class=\"fas fa-play-circle\" aria-hidden=\"true\"><\/i><a href=\"https:\/\/catholic-television.com\/es\/salmo-149-himno-nacional\/\"><\/a><\/div><div class=\"eael-entry-thumbnail \">\n                            <img loading=\"lazy\" decoding=\"async\" width=\"1024\" height=\"576\" src=\"https:\/\/catholic-television.com\/wp-content\/uploads\/2020\/06\/Salmo-149-Himno-nacional-cantad-Se\u00f1or-c\u00e1ntico-nuevo-alabanza.jpg\" class=\"attachment-full size-full wp-image-14740\" alt=\"Salmo 149 - Himno nacional | cantad Se\u00f1or | c\u00e1ntico nuevo | alabanza\" style=\"width:100%;height:56.25%;max-width:1024px\" srcset=\"https:\/\/catholic-television.com\/wp-content\/uploads\/2020\/06\/Salmo-149-Himno-nacional-cantad-Se\u00f1or-c\u00e1ntico-nuevo-alabanza.jpg 1024w, https:\/\/catholic-television.com\/wp-content\/uploads\/2020\/06\/Salmo-149-Himno-nacional-cantad-Se\u00f1or-c\u00e1ntico-nuevo-alabanza-300x169.jpg 300w, https:\/\/catholic-television.com\/wp-content\/uploads\/2020\/06\/Salmo-149-Himno-nacional-cantad-Se\u00f1or-c\u00e1ntico-nuevo-alabanza-768x432.jpg 768w, https:\/\/catholic-television.com\/wp-content\/uploads\/2020\/06\/Salmo-149-Himno-nacional-cantad-Se\u00f1or-c\u00e1ntico-nuevo-alabanza-850x478.jpg 850w\" sizes=\"(max-width: 1024px) 100vw, 1024px\" \/>\n                            <\/div>\n                    <\/div><div class=\"eael-entry-wrapper\"><header class=\"eael-entry-header\"><h2 class=\"eael-entry-title\"><a class=\"eael-grid-post-link\" href=\"https:\/\/catholic-television.com\/es\/salmo-149-himno-nacional\/\" title=\"Salmo 149 &#8211; Himno nacional\">Salmo 149 &#8211; Himno nacional<\/a><\/h2><\/header><div class=\"eael-entry-content\">\n                                <div class=\"eael-grid-post-excerpt\"><p>Salmo 149 Himno nacional Aleluya. Cantad al Se\u00f1or un c\u00e1ntico nuevo, resuene su alabanza en la asamblea de los fieles; que se alegre Israel por<\/p><\/div>\n                            <\/div><div class=\"eael-entry-header-after style-two\"><div class=\"eael-entry-meta\"><span class=\"eael-meta-posted-on\"><i class=\"far fa-clock\"><\/i><time datetime=\"junio 23, 2020\">junio 23, 2020<\/time><\/span><\/div><\/div><\/div><\/div>\n    <\/div>\n<\/article><\/div>\n            <div class=\"clearfix\"><\/div>\n        <\/div>            <div class=\"eael-load-more-button-wrap eael-force-hide\">\n                <button class=\"eael-load-more-button\" id=\"eael-load-more-btn-142a775\" data-widget-id=\"142a775\" data-widget=\"142a775\" data-page-id=\"5360\" data-template=\"{&quot;dir&quot;:&quot;lite&quot;,&quot;file_name&quot;:&quot;two.php&quot;,&quot;name&quot;:&quot;Post-Grid&quot;}\" data-class=\"Essential_Addons_Elementor\\Elements\\Post_Grid\" data-layout=\"grid\" data-page=\"1\" data-args=\"orderby=date&amp;order=desc&amp;ignore_sticky_posts=1&amp;post_status=publish&amp;posts_per_page=2&amp;offset=0&amp;post_type=post&amp;tax_query%5B0%5D%5Btaxonomy%5D=category&amp;tax_query%5B0%5D%5Bfield%5D=term_id&amp;tax_query%5B0%5D%5Bterms%5D%5B0%5D=13912&amp;tax_query%5Brelation%5D=AND\" data-max-page=\"76\">\n                    <span class=\"eael-btn-loader button__loader\"><\/span>\n                    <span class=\"eael_load_more_text\">Load More<\/span>\n                <\/button>\n            <\/div>\n            \t\t\t\t<\/div>\n\t\t\t\t<\/div>\n\t\t\t\t<div class=\"elementor-element elementor-element-ac81a9b elementor-grid-2 elementor-posts--thumbnail-left elementor-hidden-tablet elementor-hidden-mobile elementor-grid-tablet-2 elementor-grid-mobile-1 elementor-widget elementor-widget-posts\" data-id=\"ac81a9b\" data-element_type=\"widget\" data-e-type=\"widget\" data-settings=\"{&quot;classic_columns&quot;:&quot;2&quot;,&quot;classic_columns_tablet&quot;:&quot;2&quot;,&quot;classic_columns_mobile&quot;:&quot;1&quot;,&quot;classic_row_gap&quot;:{&quot;unit&quot;:&quot;px&quot;,&quot;size&quot;:35,&quot;sizes&quot;:[]},&quot;classic_row_gap_tablet&quot;:{&quot;unit&quot;:&quot;px&quot;,&quot;size&quot;:&quot;&quot;,&quot;sizes&quot;:[]},&quot;classic_row_gap_mobile&quot;:{&quot;unit&quot;:&quot;px&quot;,&quot;size&quot;:&quot;&quot;,&quot;sizes&quot;:[]}}\" data-widget_type=\"posts.classic\">\n\t\t\t\t<div class=\"elementor-widget-container\">\n\t\t\t\t\t\t\t<div class=\"elementor-posts-container elementor-posts elementor-posts--skin-classic elementor-grid\">\n\t\t\t\t<article class=\"elementor-post elementor-grid-item post-14746 post type-post status-publish format-standard has-post-thumbnail hentry category-bienvenidos category-salmos tag-alabad-senor tag-alabadlo-danzas tag-alabadlo-firmamento tag-alabadlo-flautas tag-alabe-senor tag-arpas-citaras tag-inmensa-grandeza tag-obras-magnificas tag-platillos-sonoros tag-platillos-vitales tag-salmo-150-sinfonia-universal tag-tocando-trompetas entry\">\n\t\t\t\t<a class=\"elementor-post__thumbnail__link\" href=\"https:\/\/catholic-television.com\/es\/salmo-150-sinfonia-universal\/\" tabindex=\"-1\" >\n\t\t\t<div class=\"elementor-post__thumbnail\"><img loading=\"lazy\" decoding=\"async\" width=\"300\" height=\"169\" src=\"https:\/\/catholic-television.com\/wp-content\/uploads\/2020\/06\/Salmo-150-Sinfon\u00eda-universal-Alabad-Se\u00f1or-alabadlo-firmamento-300x169.jpg\" class=\"attachment-medium size-medium wp-image-14747\" alt=\"Salmo 150 - Sinfon\u00eda universal | Alabad Se\u00f1or | alabadlo firmamento\" style=\"width:100%;height:56.25%;max-width:1024px\" srcset=\"https:\/\/catholic-television.com\/wp-content\/uploads\/2020\/06\/Salmo-150-Sinfon\u00eda-universal-Alabad-Se\u00f1or-alabadlo-firmamento-300x169.jpg 300w, https:\/\/catholic-television.com\/wp-content\/uploads\/2020\/06\/Salmo-150-Sinfon\u00eda-universal-Alabad-Se\u00f1or-alabadlo-firmamento-768x432.jpg 768w, https:\/\/catholic-television.com\/wp-content\/uploads\/2020\/06\/Salmo-150-Sinfon\u00eda-universal-Alabad-Se\u00f1or-alabadlo-firmamento-850x478.jpg 850w, https:\/\/catholic-television.com\/wp-content\/uploads\/2020\/06\/Salmo-150-Sinfon\u00eda-universal-Alabad-Se\u00f1or-alabadlo-firmamento.jpg 1024w\" sizes=\"(max-width: 300px) 100vw, 300px\" \/><\/div>\n\t\t<\/a>\n\t\t\t\t<div class=\"elementor-post__text\">\n\t\t\t\t<h3 class=\"elementor-post__title\">\n\t\t\t<a href=\"https:\/\/catholic-television.com\/es\/salmo-150-sinfonia-universal\/\" >\n\t\t\t\tSalmo 150 &#8211; Sinfon\u00eda universal\t\t\t<\/a>\n\t\t<\/h3>\n\t\t\t\t<div class=\"elementor-post__meta-data\">\n\t\t\t\t\t<span class=\"elementor-post-date\">\n\t\t\tjunio 23, 2020\t\t<\/span>\n\t\t\t\t<\/div>\n\t\t\t\t<\/div>\n\t\t\t\t<\/article>\n\t\t\t\t<article class=\"elementor-post elementor-grid-item post-14739 post type-post status-publish format-standard has-post-thumbnail hentry category-bienvenidos category-salmos tag-alabad-nombre tag-ama-pueblo tag-asamblea-fieles tag-cantad-senor tag-cantadle-citaras tag-cantico-nuevo tag-castigo-naciones tag-fieles-festejan tag-hijos-sion tag-israel-creador tag-resuene-alabanza tag-sentencia-dictada tag-victoria-humilde tag-vitores-dios entry\">\n\t\t\t\t<a class=\"elementor-post__thumbnail__link\" href=\"https:\/\/catholic-television.com\/es\/salmo-149-himno-nacional\/\" tabindex=\"-1\" >\n\t\t\t<div class=\"elementor-post__thumbnail\"><img loading=\"lazy\" decoding=\"async\" width=\"300\" height=\"169\" src=\"https:\/\/catholic-television.com\/wp-content\/uploads\/2020\/06\/Salmo-149-Himno-nacional-cantad-Se\u00f1or-c\u00e1ntico-nuevo-alabanza-300x169.jpg\" class=\"attachment-medium size-medium wp-image-14740\" alt=\"Salmo 149 - Himno nacional | cantad Se\u00f1or | c\u00e1ntico nuevo | alabanza\" style=\"width:100%;height:56.25%;max-width:1024px\" srcset=\"https:\/\/catholic-television.com\/wp-content\/uploads\/2020\/06\/Salmo-149-Himno-nacional-cantad-Se\u00f1or-c\u00e1ntico-nuevo-alabanza-300x169.jpg 300w, https:\/\/catholic-television.com\/wp-content\/uploads\/2020\/06\/Salmo-149-Himno-nacional-cantad-Se\u00f1or-c\u00e1ntico-nuevo-alabanza-768x432.jpg 768w, https:\/\/catholic-television.com\/wp-content\/uploads\/2020\/06\/Salmo-149-Himno-nacional-cantad-Se\u00f1or-c\u00e1ntico-nuevo-alabanza-850x478.jpg 850w, https:\/\/catholic-television.com\/wp-content\/uploads\/2020\/06\/Salmo-149-Himno-nacional-cantad-Se\u00f1or-c\u00e1ntico-nuevo-alabanza.jpg 1024w\" sizes=\"(max-width: 300px) 100vw, 300px\" \/><\/div>\n\t\t<\/a>\n\t\t\t\t<div class=\"elementor-post__text\">\n\t\t\t\t<h3 class=\"elementor-post__title\">\n\t\t\t<a href=\"https:\/\/catholic-television.com\/es\/salmo-149-himno-nacional\/\" >\n\t\t\t\tSalmo 149 &#8211; Himno nacional\t\t\t<\/a>\n\t\t<\/h3>\n\t\t\t\t<div class=\"elementor-post__meta-data\">\n\t\t\t\t\t<span class=\"elementor-post-date\">\n\t\t\tjunio 23, 2020\t\t<\/span>\n\t\t\t\t<\/div>\n\t\t\t\t<\/div>\n\t\t\t\t<\/article>\n\t\t\t\t<article class=\"elementor-post elementor-grid-item post-14732 post type-post status-publish format-standard has-post-thumbnail hentry category-bienvenidos category-salmos tag-alabad-senor tag-alabadlo-angeles tag-alabadlo-ejercitos tag-alabadlo-estrellas tag-alabanza-fieles tag-israel-escogido tag-majestad-cielo tag-montes-sierras tag-nombre-senor tag-nombre-sublime tag-senor-tierra tag-vigor-pueblo entry\">\n\t\t\t\t<a class=\"elementor-post__thumbnail__link\" href=\"https:\/\/catholic-television.com\/es\/salmo-148-alabanza-de-la-creacion\/\" tabindex=\"-1\" >\n\t\t\t<div class=\"elementor-post__thumbnail\"><img loading=\"lazy\" decoding=\"async\" width=\"300\" height=\"169\" src=\"https:\/\/catholic-television.com\/wp-content\/uploads\/2020\/06\/Salmo-148-Alabanza-de-la-creaci\u00f3n-alabad-Se\u00f1or-alabadlo-\u00e1ngeles-300x169.jpg\" class=\"attachment-medium size-medium wp-image-14733\" alt=\"Salmo 148 - Alabanza de la creaci\u00f3n | alabad Se\u00f1or | alabadlo \u00e1ngeles\" style=\"width:100%;height:56.25%;max-width:1024px\" srcset=\"https:\/\/catholic-television.com\/wp-content\/uploads\/2020\/06\/Salmo-148-Alabanza-de-la-creaci\u00f3n-alabad-Se\u00f1or-alabadlo-\u00e1ngeles-300x169.jpg 300w, https:\/\/catholic-television.com\/wp-content\/uploads\/2020\/06\/Salmo-148-Alabanza-de-la-creaci\u00f3n-alabad-Se\u00f1or-alabadlo-\u00e1ngeles-768x432.jpg 768w, https:\/\/catholic-television.com\/wp-content\/uploads\/2020\/06\/Salmo-148-Alabanza-de-la-creaci\u00f3n-alabad-Se\u00f1or-alabadlo-\u00e1ngeles-850x478.jpg 850w, https:\/\/catholic-television.com\/wp-content\/uploads\/2020\/06\/Salmo-148-Alabanza-de-la-creaci\u00f3n-alabad-Se\u00f1or-alabadlo-\u00e1ngeles.jpg 1024w\" sizes=\"(max-width: 300px) 100vw, 300px\" \/><\/div>\n\t\t<\/a>\n\t\t\t\t<div class=\"elementor-post__text\">\n\t\t\t\t<h3 class=\"elementor-post__title\">\n\t\t\t<a href=\"https:\/\/catholic-television.com\/es\/salmo-148-alabanza-de-la-creacion\/\" >\n\t\t\t\tSalmo 148 &#8211; Alabanza de la creaci\u00f3n\t\t\t<\/a>\n\t\t<\/h3>\n\t\t\t\t<div class=\"elementor-post__meta-data\">\n\t\t\t\t\t<span class=\"elementor-post-date\">\n\t\t\tjunio 23, 2020\t\t<\/span>\n\t\t\t\t<\/div>\n\t\t\t\t<\/div>\n\t\t\t\t<\/article>\n\t\t\t\t<article class=\"elementor-post elementor-grid-item post-14724 post type-post status-publish format-standard has-post-thumbnail hentry category-bienvenidos category-salmos tag-alabad-senor tag-bendecido-hijos tag-brotar-hierba tag-confian-misericordia tag-decretos-mandatos tag-glorifica-senor tag-mandatos-aleluya tag-nuestro-dios tag-numero-estrellas tag-palabra-jacob tag-paz-fronteras tag-reconstruye-jerusalen entry\">\n\t\t\t\t<a class=\"elementor-post__thumbnail__link\" href=\"https:\/\/catholic-television.com\/es\/salmo-147-himno-al-todopoderoso\/\" tabindex=\"-1\" >\n\t\t\t<div class=\"elementor-post__thumbnail\"><img loading=\"lazy\" decoding=\"async\" width=\"300\" height=\"169\" src=\"https:\/\/catholic-television.com\/wp-content\/uploads\/2020\/06\/Salmo-147-Himno-al-todopoderoso-alabad-Se\u00f1or-nuestro-Dios-300x169.jpg\" class=\"attachment-medium size-medium wp-image-14725\" alt=\"Salmo 147 - Himno al todopoderoso | alabad Se\u00f1or | nuestro Dios\" style=\"width:100%;height:56.25%;max-width:1024px\" srcset=\"https:\/\/catholic-television.com\/wp-content\/uploads\/2020\/06\/Salmo-147-Himno-al-todopoderoso-alabad-Se\u00f1or-nuestro-Dios-300x169.jpg 300w, https:\/\/catholic-television.com\/wp-content\/uploads\/2020\/06\/Salmo-147-Himno-al-todopoderoso-alabad-Se\u00f1or-nuestro-Dios-768x432.jpg 768w, https:\/\/catholic-television.com\/wp-content\/uploads\/2020\/06\/Salmo-147-Himno-al-todopoderoso-alabad-Se\u00f1or-nuestro-Dios-850x478.jpg 850w, https:\/\/catholic-television.com\/wp-content\/uploads\/2020\/06\/Salmo-147-Himno-al-todopoderoso-alabad-Se\u00f1or-nuestro-Dios.jpg 1024w\" sizes=\"(max-width: 300px) 100vw, 300px\" \/><\/div>\n\t\t<\/a>\n\t\t\t\t<div class=\"elementor-post__text\">\n\t\t\t\t<h3 class=\"elementor-post__title\">\n\t\t\t<a href=\"https:\/\/catholic-television.com\/es\/salmo-147-himno-al-todopoderoso\/\" >\n\t\t\t\tSalmo 147 &#8211; Himno al todopoderoso\t\t\t<\/a>\n\t\t<\/h3>\n\t\t\t\t<div class=\"elementor-post__meta-data\">\n\t\t\t\t\t<span class=\"elementor-post-date\">\n\t\t\tjunio 20, 2020\t\t<\/span>\n\t\t\t\t<\/div>\n\t\t\t\t<\/div>\n\t\t\t\t<\/article>\n\t\t\t\t<article class=\"elementor-post elementor-grid-item post-14717 post type-post status-publish format-standard has-post-thumbnail hentry category-bienvenidos category-salmos tag-alma-mia tag-ama-justos tag-auxilia-dios tag-cielo-tierra tag-dios-jacob tag-dios-sion tag-guarda-peregrinos tag-liberta-cautivos tag-mantiene-fidelidad tag-polvo-salvar tag-reina-eternamente tag-senor-dios tag-senor-endereza tag-sustenta-huerfano tag-tanere-dios entry\">\n\t\t\t\t<a class=\"elementor-post__thumbnail__link\" href=\"https:\/\/catholic-television.com\/es\/salmo-146-himno-al-dios-temible\/\" tabindex=\"-1\" >\n\t\t\t<div class=\"elementor-post__thumbnail\"><img loading=\"lazy\" decoding=\"async\" width=\"300\" height=\"169\" src=\"https:\/\/catholic-television.com\/wp-content\/uploads\/2020\/06\/Salmo-146-Himno-al-Dios-temible-alma-m\u00eda-ta\u00f1er\u00e9-Dios-polvo-salvar-300x169.jpg\" class=\"attachment-medium size-medium wp-image-14718\" alt=\"Salmo 146 - Himno al Dios temible | alma m\u00eda | ta\u00f1er\u00e9 Dios | polvo salvar\" style=\"width:100%;height:56.25%;max-width:1024px\" srcset=\"https:\/\/catholic-television.com\/wp-content\/uploads\/2020\/06\/Salmo-146-Himno-al-Dios-temible-alma-m\u00eda-ta\u00f1er\u00e9-Dios-polvo-salvar-300x169.jpg 300w, https:\/\/catholic-television.com\/wp-content\/uploads\/2020\/06\/Salmo-146-Himno-al-Dios-temible-alma-m\u00eda-ta\u00f1er\u00e9-Dios-polvo-salvar-768x432.jpg 768w, https:\/\/catholic-television.com\/wp-content\/uploads\/2020\/06\/Salmo-146-Himno-al-Dios-temible-alma-m\u00eda-ta\u00f1er\u00e9-Dios-polvo-salvar-850x478.jpg 850w, https:\/\/catholic-television.com\/wp-content\/uploads\/2020\/06\/Salmo-146-Himno-al-Dios-temible-alma-m\u00eda-ta\u00f1er\u00e9-Dios-polvo-salvar.jpg 1024w\" sizes=\"(max-width: 300px) 100vw, 300px\" \/><\/div>\n\t\t<\/a>\n\t\t\t\t<div class=\"elementor-post__text\">\n\t\t\t\t<h3 class=\"elementor-post__title\">\n\t\t\t<a href=\"https:\/\/catholic-television.com\/es\/salmo-146-himno-al-dios-temible\/\" >\n\t\t\t\tSalmo 146 &#8211; Himno al Dios temible\t\t\t<\/a>\n\t\t<\/h3>\n\t\t\t\t<div class=\"elementor-post__meta-data\">\n\t\t\t\t\t<span class=\"elementor-post-date\">\n\t\t\tjunio 20, 2020\t\t<\/span>\n\t\t\t\t<\/div>\n\t\t\t\t<\/div>\n\t\t\t\t<\/article>\n\t\t\t\t<article class=\"elementor-post elementor-grid-item post-14710 post type-post status-publish format-standard has-post-thumbnail hentry category-bienvenidos category-salmos tag-bendecire-nombre tag-bondadoso-acciones tag-dios-rey tag-ensalzare-dios tag-explicando-hazanas tag-gracias-senor tag-grande-senor tag-himno-david tag-invocan-sinceramente tag-justo-caminos tag-reinado-perpetuo tag-santo-nombre tag-senor-ama entry\">\n\t\t\t\t<a class=\"elementor-post__thumbnail__link\" href=\"https:\/\/catholic-television.com\/es\/salmo-145-alabanza-al-dios-rey\/\" tabindex=\"-1\" >\n\t\t\t<div class=\"elementor-post__thumbnail\"><img loading=\"lazy\" decoding=\"async\" width=\"300\" height=\"169\" src=\"https:\/\/catholic-television.com\/wp-content\/uploads\/2020\/06\/Salmo-145-Alabanza-al-Dios-rey-himno-David-ensalzar\u00e9-Dios-Dios-rey-300x169.jpg\" class=\"attachment-medium size-medium wp-image-14711\" alt=\"Salmo 145 - Alabanza al Dios rey | himno David | ensalzar\u00e9 Dios | Dios rey\" style=\"width:100%;height:56.25%;max-width:1024px\" srcset=\"https:\/\/catholic-television.com\/wp-content\/uploads\/2020\/06\/Salmo-145-Alabanza-al-Dios-rey-himno-David-ensalzar\u00e9-Dios-Dios-rey-300x169.jpg 300w, https:\/\/catholic-television.com\/wp-content\/uploads\/2020\/06\/Salmo-145-Alabanza-al-Dios-rey-himno-David-ensalzar\u00e9-Dios-Dios-rey-768x432.jpg 768w, https:\/\/catholic-television.com\/wp-content\/uploads\/2020\/06\/Salmo-145-Alabanza-al-Dios-rey-himno-David-ensalzar\u00e9-Dios-Dios-rey-850x478.jpg 850w, https:\/\/catholic-television.com\/wp-content\/uploads\/2020\/06\/Salmo-145-Alabanza-al-Dios-rey-himno-David-ensalzar\u00e9-Dios-Dios-rey.jpg 1024w\" sizes=\"(max-width: 300px) 100vw, 300px\" \/><\/div>\n\t\t<\/a>\n\t\t\t\t<div class=\"elementor-post__text\">\n\t\t\t\t<h3 class=\"elementor-post__title\">\n\t\t\t<a href=\"https:\/\/catholic-television.com\/es\/salmo-145-alabanza-al-dios-rey\/\" >\n\t\t\t\tSalmo 145 &#8211; Alabanza al Dios rey\t\t\t<\/a>\n\t\t<\/h3>\n\t\t\t\t<div class=\"elementor-post__meta-data\">\n\t\t\t\t\t<span class=\"elementor-post-date\">\n\t\t\tjunio 20, 2020\t\t<\/span>\n\t\t\t\t<\/div>\n\t\t\t\t<\/div>\n\t\t\t\t<\/article>\n\t\t\t\t<\/div>\n\t\t\n\t\t\t\t\t\t<\/div>\n\t\t\t\t<\/div>\n\t\t\t\t<div class=\"elementor-element elementor-element-add1f05 elementor-grid-2 elementor-posts--thumbnail-left elementor-hidden-desktop elementor-hidden-tablet elementor-grid-tablet-2 elementor-grid-mobile-1 elementor-widget elementor-widget-posts\" data-id=\"add1f05\" data-element_type=\"widget\" data-e-type=\"widget\" data-settings=\"{&quot;classic_columns&quot;:&quot;2&quot;,&quot;classic_columns_tablet&quot;:&quot;2&quot;,&quot;classic_columns_mobile&quot;:&quot;1&quot;,&quot;classic_row_gap&quot;:{&quot;unit&quot;:&quot;px&quot;,&quot;size&quot;:35,&quot;sizes&quot;:[]},&quot;classic_row_gap_tablet&quot;:{&quot;unit&quot;:&quot;px&quot;,&quot;size&quot;:&quot;&quot;,&quot;sizes&quot;:[]},&quot;classic_row_gap_mobile&quot;:{&quot;unit&quot;:&quot;px&quot;,&quot;size&quot;:&quot;&quot;,&quot;sizes&quot;:[]}}\" data-widget_type=\"posts.classic\">\n\t\t\t\t<div class=\"elementor-widget-container\">\n\t\t\t\t\t\t\t<div class=\"elementor-posts-container elementor-posts elementor-posts--skin-classic elementor-grid\">\n\t\t\t\t<article class=\"elementor-post elementor-grid-item post-14746 post type-post status-publish format-standard has-post-thumbnail hentry category-bienvenidos category-salmos tag-alabad-senor tag-alabadlo-danzas tag-alabadlo-firmamento tag-alabadlo-flautas tag-alabe-senor tag-arpas-citaras tag-inmensa-grandeza tag-obras-magnificas tag-platillos-sonoros tag-platillos-vitales tag-salmo-150-sinfonia-universal tag-tocando-trompetas entry\">\n\t\t\t\t<a class=\"elementor-post__thumbnail__link\" href=\"https:\/\/catholic-television.com\/es\/salmo-150-sinfonia-universal\/\" tabindex=\"-1\" >\n\t\t\t<div class=\"elementor-post__thumbnail\"><img loading=\"lazy\" decoding=\"async\" width=\"1024\" height=\"576\" src=\"https:\/\/catholic-television.com\/wp-content\/uploads\/2020\/06\/Salmo-150-Sinfon\u00eda-universal-Alabad-Se\u00f1or-alabadlo-firmamento.jpg\" class=\"attachment-full size-full wp-image-14747\" alt=\"Salmo 150 - Sinfon\u00eda universal | Alabad Se\u00f1or | alabadlo firmamento\" style=\"width:100%;height:56.25%;max-width:1024px\" srcset=\"https:\/\/catholic-television.com\/wp-content\/uploads\/2020\/06\/Salmo-150-Sinfon\u00eda-universal-Alabad-Se\u00f1or-alabadlo-firmamento.jpg 1024w, https:\/\/catholic-television.com\/wp-content\/uploads\/2020\/06\/Salmo-150-Sinfon\u00eda-universal-Alabad-Se\u00f1or-alabadlo-firmamento-300x169.jpg 300w, https:\/\/catholic-television.com\/wp-content\/uploads\/2020\/06\/Salmo-150-Sinfon\u00eda-universal-Alabad-Se\u00f1or-alabadlo-firmamento-768x432.jpg 768w, https:\/\/catholic-television.com\/wp-content\/uploads\/2020\/06\/Salmo-150-Sinfon\u00eda-universal-Alabad-Se\u00f1or-alabadlo-firmamento-850x478.jpg 850w\" sizes=\"(max-width: 1024px) 100vw, 1024px\" \/><\/div>\n\t\t<\/a>\n\t\t\t\t<div class=\"elementor-post__text\">\n\t\t\t\t<h3 class=\"elementor-post__title\">\n\t\t\t<a href=\"https:\/\/catholic-television.com\/es\/salmo-150-sinfonia-universal\/\" >\n\t\t\t\tSalmo 150 &#8211; Sinfon\u00eda universal\t\t\t<\/a>\n\t\t<\/h3>\n\t\t\t\t<div class=\"elementor-post__meta-data\">\n\t\t\t\t\t<span class=\"elementor-post-date\">\n\t\t\tjunio 23, 2020\t\t<\/span>\n\t\t\t\t<\/div>\n\t\t\t\t<\/div>\n\t\t\t\t<\/article>\n\t\t\t\t<article class=\"elementor-post elementor-grid-item post-14739 post type-post status-publish format-standard has-post-thumbnail hentry category-bienvenidos category-salmos tag-alabad-nombre tag-ama-pueblo tag-asamblea-fieles tag-cantad-senor tag-cantadle-citaras tag-cantico-nuevo tag-castigo-naciones tag-fieles-festejan tag-hijos-sion tag-israel-creador tag-resuene-alabanza tag-sentencia-dictada tag-victoria-humilde tag-vitores-dios entry\">\n\t\t\t\t<a class=\"elementor-post__thumbnail__link\" href=\"https:\/\/catholic-television.com\/es\/salmo-149-himno-nacional\/\" tabindex=\"-1\" >\n\t\t\t<div class=\"elementor-post__thumbnail\"><img loading=\"lazy\" decoding=\"async\" width=\"1024\" height=\"576\" src=\"https:\/\/catholic-television.com\/wp-content\/uploads\/2020\/06\/Salmo-149-Himno-nacional-cantad-Se\u00f1or-c\u00e1ntico-nuevo-alabanza.jpg\" class=\"attachment-full size-full wp-image-14740\" alt=\"Salmo 149 - Himno nacional | cantad Se\u00f1or | c\u00e1ntico nuevo | alabanza\" style=\"width:100%;height:56.25%;max-width:1024px\" srcset=\"https:\/\/catholic-television.com\/wp-content\/uploads\/2020\/06\/Salmo-149-Himno-nacional-cantad-Se\u00f1or-c\u00e1ntico-nuevo-alabanza.jpg 1024w, https:\/\/catholic-television.com\/wp-content\/uploads\/2020\/06\/Salmo-149-Himno-nacional-cantad-Se\u00f1or-c\u00e1ntico-nuevo-alabanza-300x169.jpg 300w, https:\/\/catholic-television.com\/wp-content\/uploads\/2020\/06\/Salmo-149-Himno-nacional-cantad-Se\u00f1or-c\u00e1ntico-nuevo-alabanza-768x432.jpg 768w, https:\/\/catholic-television.com\/wp-content\/uploads\/2020\/06\/Salmo-149-Himno-nacional-cantad-Se\u00f1or-c\u00e1ntico-nuevo-alabanza-850x478.jpg 850w\" sizes=\"(max-width: 1024px) 100vw, 1024px\" \/><\/div>\n\t\t<\/a>\n\t\t\t\t<div class=\"elementor-post__text\">\n\t\t\t\t<h3 class=\"elementor-post__title\">\n\t\t\t<a href=\"https:\/\/catholic-television.com\/es\/salmo-149-himno-nacional\/\" >\n\t\t\t\tSalmo 149 &#8211; Himno nacional\t\t\t<\/a>\n\t\t<\/h3>\n\t\t\t\t<div class=\"elementor-post__meta-data\">\n\t\t\t\t\t<span class=\"elementor-post-date\">\n\t\t\tjunio 23, 2020\t\t<\/span>\n\t\t\t\t<\/div>\n\t\t\t\t<\/div>\n\t\t\t\t<\/article>\n\t\t\t\t<article class=\"elementor-post elementor-grid-item post-14732 post type-post status-publish format-standard has-post-thumbnail hentry category-bienvenidos category-salmos tag-alabad-senor tag-alabadlo-angeles tag-alabadlo-ejercitos tag-alabadlo-estrellas tag-alabanza-fieles tag-israel-escogido tag-majestad-cielo tag-montes-sierras tag-nombre-senor tag-nombre-sublime tag-senor-tierra tag-vigor-pueblo entry\">\n\t\t\t\t<a class=\"elementor-post__thumbnail__link\" href=\"https:\/\/catholic-television.com\/es\/salmo-148-alabanza-de-la-creacion\/\" tabindex=\"-1\" >\n\t\t\t<div class=\"elementor-post__thumbnail\"><img loading=\"lazy\" decoding=\"async\" width=\"1024\" height=\"576\" src=\"https:\/\/catholic-television.com\/wp-content\/uploads\/2020\/06\/Salmo-148-Alabanza-de-la-creaci\u00f3n-alabad-Se\u00f1or-alabadlo-\u00e1ngeles.jpg\" class=\"attachment-full size-full wp-image-14733\" alt=\"Salmo 148 - Alabanza de la creaci\u00f3n | alabad Se\u00f1or | alabadlo \u00e1ngeles\" style=\"width:100%;height:56.25%;max-width:1024px\" srcset=\"https:\/\/catholic-television.com\/wp-content\/uploads\/2020\/06\/Salmo-148-Alabanza-de-la-creaci\u00f3n-alabad-Se\u00f1or-alabadlo-\u00e1ngeles.jpg 1024w, https:\/\/catholic-television.com\/wp-content\/uploads\/2020\/06\/Salmo-148-Alabanza-de-la-creaci\u00f3n-alabad-Se\u00f1or-alabadlo-\u00e1ngeles-300x169.jpg 300w, https:\/\/catholic-television.com\/wp-content\/uploads\/2020\/06\/Salmo-148-Alabanza-de-la-creaci\u00f3n-alabad-Se\u00f1or-alabadlo-\u00e1ngeles-768x432.jpg 768w, https:\/\/catholic-television.com\/wp-content\/uploads\/2020\/06\/Salmo-148-Alabanza-de-la-creaci\u00f3n-alabad-Se\u00f1or-alabadlo-\u00e1ngeles-850x478.jpg 850w\" sizes=\"(max-width: 1024px) 100vw, 1024px\" \/><\/div>\n\t\t<\/a>\n\t\t\t\t<div class=\"elementor-post__text\">\n\t\t\t\t<h3 class=\"elementor-post__title\">\n\t\t\t<a href=\"https:\/\/catholic-television.com\/es\/salmo-148-alabanza-de-la-creacion\/\" >\n\t\t\t\tSalmo 148 &#8211; Alabanza de la creaci\u00f3n\t\t\t<\/a>\n\t\t<\/h3>\n\t\t\t\t<div class=\"elementor-post__meta-data\">\n\t\t\t\t\t<span class=\"elementor-post-date\">\n\t\t\tjunio 23, 2020\t\t<\/span>\n\t\t\t\t<\/div>\n\t\t\t\t<\/div>\n\t\t\t\t<\/article>\n\t\t\t\t<article class=\"elementor-post elementor-grid-item post-14724 post type-post status-publish format-standard has-post-thumbnail hentry category-bienvenidos category-salmos tag-alabad-senor tag-bendecido-hijos tag-brotar-hierba tag-confian-misericordia tag-decretos-mandatos tag-glorifica-senor tag-mandatos-aleluya tag-nuestro-dios tag-numero-estrellas tag-palabra-jacob tag-paz-fronteras tag-reconstruye-jerusalen entry\">\n\t\t\t\t<a class=\"elementor-post__thumbnail__link\" href=\"https:\/\/catholic-television.com\/es\/salmo-147-himno-al-todopoderoso\/\" tabindex=\"-1\" >\n\t\t\t<div class=\"elementor-post__thumbnail\"><img loading=\"lazy\" decoding=\"async\" width=\"1024\" height=\"576\" src=\"https:\/\/catholic-television.com\/wp-content\/uploads\/2020\/06\/Salmo-147-Himno-al-todopoderoso-alabad-Se\u00f1or-nuestro-Dios.jpg\" class=\"attachment-full size-full wp-image-14725\" alt=\"Salmo 147 - Himno al todopoderoso | alabad Se\u00f1or | nuestro Dios\" style=\"width:100%;height:56.25%;max-width:1024px\" srcset=\"https:\/\/catholic-television.com\/wp-content\/uploads\/2020\/06\/Salmo-147-Himno-al-todopoderoso-alabad-Se\u00f1or-nuestro-Dios.jpg 1024w, https:\/\/catholic-television.com\/wp-content\/uploads\/2020\/06\/Salmo-147-Himno-al-todopoderoso-alabad-Se\u00f1or-nuestro-Dios-300x169.jpg 300w, https:\/\/catholic-television.com\/wp-content\/uploads\/2020\/06\/Salmo-147-Himno-al-todopoderoso-alabad-Se\u00f1or-nuestro-Dios-768x432.jpg 768w, https:\/\/catholic-television.com\/wp-content\/uploads\/2020\/06\/Salmo-147-Himno-al-todopoderoso-alabad-Se\u00f1or-nuestro-Dios-850x478.jpg 850w\" sizes=\"(max-width: 1024px) 100vw, 1024px\" \/><\/div>\n\t\t<\/a>\n\t\t\t\t<div class=\"elementor-post__text\">\n\t\t\t\t<h3 class=\"elementor-post__title\">\n\t\t\t<a href=\"https:\/\/catholic-television.com\/es\/salmo-147-himno-al-todopoderoso\/\" >\n\t\t\t\tSalmo 147 &#8211; Himno al todopoderoso\t\t\t<\/a>\n\t\t<\/h3>\n\t\t\t\t<div class=\"elementor-post__meta-data\">\n\t\t\t\t\t<span class=\"elementor-post-date\">\n\t\t\tjunio 20, 2020\t\t<\/span>\n\t\t\t\t<\/div>\n\t\t\t\t<\/div>\n\t\t\t\t<\/article>\n\t\t\t\t<\/div>\n\t\t\n\t\t\t\t\t\t<\/div>\n\t\t\t\t<\/div>\n\t\t\t\t<div class=\"elementor-element elementor-element-65491cb elementor-widget elementor-widget-spacer\" data-id=\"65491cb\" data-element_type=\"widget\" data-e-type=\"widget\" data-widget_type=\"spacer.default\">\n\t\t\t\t<div class=\"elementor-widget-container\">\n\t\t\t\t\t\t\t<div class=\"elementor-spacer\">\n\t\t\t<div class=\"elementor-spacer-inner\"><\/div>\n\t\t<\/div>\n\t\t\t\t\t\t<\/div>\n\t\t\t\t<\/div>\n\t\t\t\t\t<\/div>\n\t\t<\/div>\n\t\t\t\t\t<\/div>\n\t\t<\/section>\n\t\t\t\t\t<\/div>\n\t\t<\/div>\n\t\t\t\t<div class=\"elementor-column elementor-col-50 elementor-top-column elementor-element elementor-element-dd3d9b5\" data-id=\"dd3d9b5\" data-element_type=\"column\" data-e-type=\"column\">\n\t\t\t<div class=\"elementor-widget-wrap elementor-element-populated\">\n\t\t\t\t\t\t<section class=\"elementor-section elementor-inner-section elementor-element elementor-element-3821752 elementor-section-content-middle elementor-hidden-tablet elementor-hidden-mobile elementor-section-boxed elementor-section-height-default elementor-section-height-default\" data-id=\"3821752\" data-element_type=\"section\" data-e-type=\"section\" data-settings=\"{&quot;background_background&quot;:&quot;classic&quot;}\">\n\t\t\t\t\t\t<div class=\"elementor-container elementor-column-gap-default\">\n\t\t\t\t\t<div class=\"elementor-column elementor-col-33 elementor-inner-column elementor-element elementor-element-38af9d5\" data-id=\"38af9d5\" data-element_type=\"column\" data-e-type=\"column\">\n\t\t\t<div class=\"elementor-widget-wrap elementor-element-populated\">\n\t\t\t\t\t\t<div class=\"elementor-element elementor-element-50ef30a elementor-view-default elementor-widget elementor-widget-icon\" data-id=\"50ef30a\" data-element_type=\"widget\" data-e-type=\"widget\" data-widget_type=\"icon.default\">\n\t\t\t\t<div class=\"elementor-widget-container\">\n\t\t\t\t\t\t\t<div class=\"elementor-icon-wrapper\">\n\t\t\t<div class=\"elementor-icon\">\n\t\t\t<i aria-hidden=\"true\" class=\"fas fa-square\"><\/i>\t\t\t<\/div>\n\t\t<\/div>\n\t\t\t\t\t\t<\/div>\n\t\t\t\t<\/div>\n\t\t\t\t\t<\/div>\n\t\t<\/div>\n\t\t\t\t<div class=\"elementor-column elementor-col-33 elementor-inner-column elementor-element elementor-element-6178461\" data-id=\"6178461\" data-element_type=\"column\" data-e-type=\"column\">\n\t\t\t<div class=\"elementor-widget-wrap elementor-element-populated\">\n\t\t\t\t\t\t<div class=\"elementor-element elementor-element-ec9579b elementor-widget elementor-widget-heading\" data-id=\"ec9579b\" data-element_type=\"widget\" data-e-type=\"widget\" data-widget_type=\"heading.default\">\n\t\t\t\t<div class=\"elementor-widget-container\">\n\t\t\t\t\t<h3 class=\"elementor-heading-title elementor-size-default\"><a href=\"https:\/\/catholic-television.com\/es\/category\/campanas\/\">CAMPA\u00d1AS<\/a><\/h3>\t\t\t\t<\/div>\n\t\t\t\t<\/div>\n\t\t\t\t\t<\/div>\n\t\t<\/div>\n\t\t\t\t<div class=\"elementor-column elementor-col-33 elementor-inner-column elementor-element elementor-element-1aa6c72\" data-id=\"1aa6c72\" data-element_type=\"column\" data-e-type=\"column\">\n\t\t\t<div class=\"elementor-widget-wrap elementor-element-populated\">\n\t\t\t\t\t\t<div class=\"elementor-element elementor-element-f220560 elementor-widget__width-inherit elementor-widget elementor-widget-spacer\" data-id=\"f220560\" data-element_type=\"widget\" data-e-type=\"widget\" data-widget_type=\"spacer.default\">\n\t\t\t\t<div class=\"elementor-widget-container\">\n\t\t\t\t\t\t\t<div class=\"elementor-spacer\">\n\t\t\t<div class=\"elementor-spacer-inner\"><\/div>\n\t\t<\/div>\n\t\t\t\t\t\t<\/div>\n\t\t\t\t<\/div>\n\t\t\t\t\t<\/div>\n\t\t<\/div>\n\t\t\t\t\t<\/div>\n\t\t<\/section>\n\t\t\t\t<section class=\"elementor-section elementor-inner-section elementor-element elementor-element-e9bf940 elementor-section-content-middle elementor-hidden-desktop elementor-hidden-tablet elementor-section-boxed elementor-section-height-default elementor-section-height-default\" data-id=\"e9bf940\" data-element_type=\"section\" data-e-type=\"section\" data-settings=\"{&quot;background_background&quot;:&quot;classic&quot;}\">\n\t\t\t\t\t\t<div class=\"elementor-container elementor-column-gap-default\">\n\t\t\t\t\t<div class=\"elementor-column elementor-col-33 elementor-inner-column elementor-element elementor-element-338e605\" data-id=\"338e605\" data-element_type=\"column\" data-e-type=\"column\">\n\t\t\t<div class=\"elementor-widget-wrap elementor-element-populated\">\n\t\t\t\t\t\t<div class=\"elementor-element elementor-element-c9bf5a2 elementor-view-default elementor-widget elementor-widget-icon\" data-id=\"c9bf5a2\" data-element_type=\"widget\" data-e-type=\"widget\" data-widget_type=\"icon.default\">\n\t\t\t\t<div class=\"elementor-widget-container\">\n\t\t\t\t\t\t\t<div class=\"elementor-icon-wrapper\">\n\t\t\t<div class=\"elementor-icon\">\n\t\t\t<i aria-hidden=\"true\" class=\"fas fa-square\"><\/i>\t\t\t<\/div>\n\t\t<\/div>\n\t\t\t\t\t\t<\/div>\n\t\t\t\t<\/div>\n\t\t\t\t\t<\/div>\n\t\t<\/div>\n\t\t\t\t<div class=\"elementor-column elementor-col-33 elementor-inner-column elementor-element elementor-element-2fa317a\" data-id=\"2fa317a\" data-element_type=\"column\" data-e-type=\"column\">\n\t\t\t<div class=\"elementor-widget-wrap elementor-element-populated\">\n\t\t\t\t\t\t<div class=\"elementor-element elementor-element-2a476d9 elementor-widget elementor-widget-heading\" data-id=\"2a476d9\" data-element_type=\"widget\" data-e-type=\"widget\" data-widget_type=\"heading.default\">\n\t\t\t\t<div class=\"elementor-widget-container\">\n\t\t\t\t\t<h3 class=\"elementor-heading-title elementor-size-default\"><a href=\"https:\/\/catholic-television.com\/es\/category\/campanas\/\">CAMPA\u00d1AS<\/a><\/h3>\t\t\t\t<\/div>\n\t\t\t\t<\/div>\n\t\t\t\t\t<\/div>\n\t\t<\/div>\n\t\t\t\t<div class=\"elementor-column elementor-col-33 elementor-inner-column elementor-element elementor-element-2dd0e45\" data-id=\"2dd0e45\" data-element_type=\"column\" data-e-type=\"column\">\n\t\t\t<div class=\"elementor-widget-wrap elementor-element-populated\">\n\t\t\t\t\t\t<div class=\"elementor-element elementor-element-8e655b1 elementor-widget__width-inherit elementor-widget elementor-widget-spacer\" data-id=\"8e655b1\" data-element_type=\"widget\" data-e-type=\"widget\" data-widget_type=\"spacer.default\">\n\t\t\t\t<div class=\"elementor-widget-container\">\n\t\t\t\t\t\t\t<div class=\"elementor-spacer\">\n\t\t\t<div class=\"elementor-spacer-inner\"><\/div>\n\t\t<\/div>\n\t\t\t\t\t\t<\/div>\n\t\t\t\t<\/div>\n\t\t\t\t\t<\/div>\n\t\t<\/div>\n\t\t\t\t\t<\/div>\n\t\t<\/section>\n\t\t\t\t<div class=\"elementor-element elementor-element-d3c626e elementor-widget elementor-widget-spacer\" data-id=\"d3c626e\" data-element_type=\"widget\" data-e-type=\"widget\" data-widget_type=\"spacer.default\">\n\t\t\t\t<div class=\"elementor-widget-container\">\n\t\t\t\t\t\t\t<div class=\"elementor-spacer\">\n\t\t\t<div class=\"elementor-spacer-inner\"><\/div>\n\t\t<\/div>\n\t\t\t\t\t\t<\/div>\n\t\t\t\t<\/div>\n\t\t\t\t<section class=\"elementor-section elementor-inner-section elementor-element elementor-element-d3010b1 elementor-section-boxed elementor-section-height-default elementor-section-height-default\" data-id=\"d3010b1\" data-element_type=\"section\" data-e-type=\"section\" data-settings=\"{&quot;background_background&quot;:&quot;classic&quot;}\">\n\t\t\t\t\t\t<div class=\"elementor-container elementor-column-gap-default\">\n\t\t\t\t\t<div class=\"elementor-column elementor-col-100 elementor-inner-column elementor-element elementor-element-1252b62\" data-id=\"1252b62\" data-element_type=\"column\" data-e-type=\"column\">\n\t\t\t<div class=\"elementor-widget-wrap elementor-element-populated\">\n\t\t\t\t\t\t<div class=\"elementor-element elementor-element-0957ad9 elementor-grid-eael-col-2 elementor-grid-tablet-eael-col-2 elementor-grid-mobile-eael-col-1 elementor-widget elementor-widget-eael-post-grid\" data-id=\"0957ad9\" data-element_type=\"widget\" data-e-type=\"widget\" data-settings=\"{&quot;eael_post_grid_columns&quot;:&quot;eael-col-2&quot;,&quot;eael_post_grid_columns_tablet&quot;:&quot;eael-col-2&quot;,&quot;eael_post_grid_columns_mobile&quot;:&quot;eael-col-1&quot;}\" data-widget_type=\"eael-post-grid.default\">\n\t\t\t\t<div class=\"elementor-widget-container\">\n\t\t\t\t\t<div id=\"eael-post-grid-0957ad9\" class=\"eael-post-grid-container\">\n            <div class=\"eael-post-grid eael-post-appender eael-post-appender-0957ad9 eael-post-grid-style-one\" data-layout-mode=\"grid\"><article class=\"eael-grid-post  eael-post-grid-column eael-pg-post-1096 category-campanas tags-adoptar-un-nino-comunidad-cristiana-en-pakistan-cristianos-en-pakistan-dar-futuro-a-un-nino-educacion-para-ninos-en-pakistan-television-catolico-pakistan\" data-id=\"1096\">\n        <div class=\"eael-grid-post-holder\">\n            <div class=\"eael-grid-post-holder-inner\"><div class=\"eael-entry-media\"><div class=\"eael-entry-overlay fade-in\"><i class=\"\" aria-hidden=\"true\"><\/i><a href=\"https:\/\/catholic-television.com\/es\/adopta-a-un-nino-darle-futuro-a-un-nino\/\"><\/a><\/div><div class=\"eael-entry-thumbnail \">\n                <img loading=\"lazy\" decoding=\"async\" width=\"1024\" height=\"576\" src=\"https:\/\/catholic-television.com\/wp-content\/uploads\/2016\/11\/adopta-a-un-nino-darle-futuro-a-un-nino-television-catolico-pakistan.jpg\" class=\"attachment-full size-full wp-image-3190\" alt=\"adopta-a-un-nino-darle-futuro-a-un-nino-television-catolico-pakistan\" style=\"width:100%;height:56.25%;max-width:1024px\" srcset=\"https:\/\/catholic-television.com\/wp-content\/uploads\/2016\/11\/adopta-a-un-nino-darle-futuro-a-un-nino-television-catolico-pakistan.jpg 1024w, https:\/\/catholic-television.com\/wp-content\/uploads\/2016\/11\/adopta-a-un-nino-darle-futuro-a-un-nino-television-catolico-pakistan-300x169.jpg 300w, https:\/\/catholic-television.com\/wp-content\/uploads\/2016\/11\/adopta-a-un-nino-darle-futuro-a-un-nino-television-catolico-pakistan-768x432.jpg 768w, https:\/\/catholic-television.com\/wp-content\/uploads\/2016\/11\/adopta-a-un-nino-darle-futuro-a-un-nino-television-catolico-pakistan-850x478.jpg 850w\" sizes=\"(max-width: 1024px) 100vw, 1024px\" \/>\n            <\/div>\n        <\/div><div class=\"eael-entry-wrapper\"><header class=\"eael-entry-header\"><h2 class=\"eael-entry-title\"><a class=\"eael-grid-post-link\" href=\"https:\/\/catholic-television.com\/es\/adopta-a-un-nino-darle-futuro-a-un-nino\/\" title=\"Adopta a un ni\u00f1o &#8211; Darle futuro a un ni\u00f1o\">Adopta a un ni\u00f1o &#8211; Darle futuro a un ni\u00f1o<\/a><\/h2><\/header><\/div><\/div>\n        <\/div>\n    <\/article><article class=\"eael-grid-post  eael-post-grid-column eael-pg-post-1093 category-campanas tags-cristianos-en-pakistan-cristianos-pakistan-falta-de-educacion-cristianos-pakistanies-esclavos-discriminacion-contra-cristianos-pakistan-educacion-cristianos-pobres-pakistan-educacion-para-cristianos-intolerancia-religiosa-pakistan-mujeres-cristianas-en-pakistan-republica-islamica-de-pakistan\" data-id=\"1093\">\n        <div class=\"eael-grid-post-holder\">\n            <div class=\"eael-grid-post-holder-inner\"><div class=\"eael-entry-media\"><div class=\"eael-entry-overlay fade-in\"><i class=\"\" aria-hidden=\"true\"><\/i><a href=\"https:\/\/catholic-television.com\/es\/educacion-para-hombres-y-mujeres-cristianos-pobres\/\"><\/a><\/div><div class=\"eael-entry-thumbnail \">\n                <img loading=\"lazy\" decoding=\"async\" width=\"1024\" height=\"576\" src=\"https:\/\/catholic-television.com\/wp-content\/uploads\/2016\/11\/educacion-para-hombres-y-mujeres-cristianos-pobres-television-catolico.jpg\" class=\"attachment-full size-full wp-image-3191\" alt=\"educacion-para-hombres-y-mujeres-cristianos-pobres-television-catolico\" style=\"width:100%;height:56.25%;max-width:1024px\" srcset=\"https:\/\/catholic-television.com\/wp-content\/uploads\/2016\/11\/educacion-para-hombres-y-mujeres-cristianos-pobres-television-catolico.jpg 1024w, https:\/\/catholic-television.com\/wp-content\/uploads\/2016\/11\/educacion-para-hombres-y-mujeres-cristianos-pobres-television-catolico-300x169.jpg 300w, https:\/\/catholic-television.com\/wp-content\/uploads\/2016\/11\/educacion-para-hombres-y-mujeres-cristianos-pobres-television-catolico-768x432.jpg 768w, https:\/\/catholic-television.com\/wp-content\/uploads\/2016\/11\/educacion-para-hombres-y-mujeres-cristianos-pobres-television-catolico-850x478.jpg 850w\" sizes=\"(max-width: 1024px) 100vw, 1024px\" \/>\n            <\/div>\n        <\/div><div class=\"eael-entry-wrapper\"><header class=\"eael-entry-header\"><h2 class=\"eael-entry-title\"><a class=\"eael-grid-post-link\" href=\"https:\/\/catholic-television.com\/es\/educacion-para-hombres-y-mujeres-cristianos-pobres\/\" title=\"Educaci\u00f3n para hombres y mujeres cristianos pobres\">Educaci\u00f3n para hombres y mujeres cristianos pobres<\/a><\/h2><\/header><\/div><\/div>\n        <\/div>\n    <\/article><article class=\"eael-grid-post  eael-post-grid-column eael-pg-post-1090 category-campanas tags-ayuda-medica-cristianos-en-pakistan-comunidad-cristiana-en-pakistan-cristianos-en-pakistan-cuerpo-de-cristo-dios-familias-cristianas-en-pakistan-gloria-de-dios-jesucristo-mayor-gloria-de-dios-minoria-cristiana-pakistan-pobres-cristianos-pakistan-umbral-de-pobreza\" data-id=\"1090\">\n        <div class=\"eael-grid-post-holder\">\n            <div class=\"eael-grid-post-holder-inner\"><div class=\"eael-entry-media\"><div class=\"eael-entry-overlay fade-in\"><i class=\"\" aria-hidden=\"true\"><\/i><a href=\"https:\/\/catholic-television.com\/es\/ayuda-medica-urgente-para-los-cristianos-en-pakistan\/\"><\/a><\/div><div class=\"eael-entry-thumbnail \">\n                <img loading=\"lazy\" decoding=\"async\" width=\"1024\" height=\"576\" src=\"https:\/\/catholic-television.com\/wp-content\/uploads\/2016\/11\/ayuda-medica-urgente-para-los-cristianos-en-pakistan-television-catolica.jpg\" class=\"attachment-full size-full wp-image-3193\" alt=\"ayuda-medica-urgente-para-los-cristianos-en-pakistan-television-catolica\" style=\"width:100%;height:56.25%;max-width:1024px\" srcset=\"https:\/\/catholic-television.com\/wp-content\/uploads\/2016\/11\/ayuda-medica-urgente-para-los-cristianos-en-pakistan-television-catolica.jpg 1024w, https:\/\/catholic-television.com\/wp-content\/uploads\/2016\/11\/ayuda-medica-urgente-para-los-cristianos-en-pakistan-television-catolica-300x169.jpg 300w, https:\/\/catholic-television.com\/wp-content\/uploads\/2016\/11\/ayuda-medica-urgente-para-los-cristianos-en-pakistan-television-catolica-768x432.jpg 768w, https:\/\/catholic-television.com\/wp-content\/uploads\/2016\/11\/ayuda-medica-urgente-para-los-cristianos-en-pakistan-television-catolica-850x478.jpg 850w\" sizes=\"(max-width: 1024px) 100vw, 1024px\" \/>\n            <\/div>\n        <\/div><div class=\"eael-entry-wrapper\"><header class=\"eael-entry-header\"><h2 class=\"eael-entry-title\"><a class=\"eael-grid-post-link\" href=\"https:\/\/catholic-television.com\/es\/ayuda-medica-urgente-para-los-cristianos-en-pakistan\/\" title=\"Ayuda m\u00e9dica urgente para los cristianos en Pakist\u00e1n\">Ayuda m\u00e9dica urgente para los cristianos en Pakist\u00e1n<\/a><\/h2><\/header><\/div><\/div>\n        <\/div>\n    <\/article><article class=\"eael-grid-post  eael-post-grid-column eael-pg-post-1087 category-campanas tags-alcanzar-alma-perdida-amor-ilimitado-de-dios-amor-incondicional-de-dios-catolicos-centros-comunitarios-catolicos-pakistan-compartir-el-evangelio-comunidad-catolica-pakistan-dia-del-juicio-final-difundir-mensaje-de-cristo-espiritu-catolico-estudios-biblicos-catolicos-evangelio-evangelizacion-pakistan-evangelizar-pakistan-explicar-el-evangelio-iglesia-catolica-pakistan-jesucristo-libros-catolicos-mateo-28-pakistan-palabra-de-dios-palabras-de-jesucristo-quien-es-jesucristo-verdadera-fuente-de-salvacion-verdadero-modo-de-salvacion\" data-id=\"1087\">\n        <div class=\"eael-grid-post-holder\">\n            <div class=\"eael-grid-post-holder-inner\"><div class=\"eael-entry-media\"><div class=\"eael-entry-overlay fade-in\"><i class=\"\" aria-hidden=\"true\"><\/i><a href=\"https:\/\/catholic-television.com\/es\/compartir-el-evangelio\/\"><\/a><\/div><div class=\"eael-entry-thumbnail \">\n                <img loading=\"lazy\" decoding=\"async\" width=\"1024\" height=\"576\" src=\"https:\/\/catholic-television.com\/wp-content\/uploads\/2016\/11\/compartir-el-evangelio-television-catolico-www-catholic-television-com.jpg\" class=\"attachment-full size-full wp-image-3199\" alt=\"compartir-el-evangelio-television-catolico-www-catholic-television-com\" style=\"width:100%;height:56.25%;max-width:1024px\" srcset=\"https:\/\/catholic-television.com\/wp-content\/uploads\/2016\/11\/compartir-el-evangelio-television-catolico-www-catholic-television-com.jpg 1024w, https:\/\/catholic-television.com\/wp-content\/uploads\/2016\/11\/compartir-el-evangelio-television-catolico-www-catholic-television-com-300x169.jpg 300w, https:\/\/catholic-television.com\/wp-content\/uploads\/2016\/11\/compartir-el-evangelio-television-catolico-www-catholic-television-com-768x432.jpg 768w, https:\/\/catholic-television.com\/wp-content\/uploads\/2016\/11\/compartir-el-evangelio-television-catolico-www-catholic-television-com-850x478.jpg 850w\" sizes=\"(max-width: 1024px) 100vw, 1024px\" \/>\n            <\/div>\n        <\/div><div class=\"eael-entry-wrapper\"><header class=\"eael-entry-header\"><h2 class=\"eael-entry-title\"><a class=\"eael-grid-post-link\" href=\"https:\/\/catholic-television.com\/es\/compartir-el-evangelio\/\" title=\"Compartir el Evangelio\">Compartir el Evangelio<\/a><\/h2><\/header><\/div><\/div>\n        <\/div>\n    <\/article><article class=\"eael-grid-post  eael-post-grid-column eael-pg-post-1084 category-campanas tags-acnur-bangkok-acnur-kuala-lumpur-adorar-a-cristo-alto-comisionado-de-las-naciones-unidas-para-los-refugiados-asilo-malasia-asilo-tailandia-ayudar-a-los-cristianos-cristianos-en-pakistan-cristianos-perseguidos-galatas-6-palabra-de-dios-persecucion-policia-tailandesa-refugiados-cristianos-paquistanies-en-malasia-refugiados-cristianos-paquistanies-en-tailandia-solicitantes-de-asilo\" data-id=\"1084\">\n        <div class=\"eael-grid-post-holder\">\n            <div class=\"eael-grid-post-holder-inner\"><div class=\"eael-entry-media\"><div class=\"eael-entry-overlay fade-in\"><i class=\"\" aria-hidden=\"true\"><\/i><a href=\"https:\/\/catholic-television.com\/es\/ayudar-a-los-refugiados-cristianos-paquistanies-en-tailandia-y-malasia\/\"><\/a><\/div><div class=\"eael-entry-thumbnail \">\n                <img loading=\"lazy\" decoding=\"async\" width=\"1024\" height=\"576\" src=\"https:\/\/catholic-television.com\/wp-content\/uploads\/2016\/11\/ayudar-a-los-refugiados-cristianos-paquistanies-en-tailandia-y-malasia.jpg\" class=\"attachment-full size-full wp-image-3200\" alt=\"ayudar-a-los-refugiados-cristianos-paquistanies-en-tailandia-y-malasia\" style=\"width:100%;height:56.25%;max-width:1024px\" srcset=\"https:\/\/catholic-television.com\/wp-content\/uploads\/2016\/11\/ayudar-a-los-refugiados-cristianos-paquistanies-en-tailandia-y-malasia.jpg 1024w, https:\/\/catholic-television.com\/wp-content\/uploads\/2016\/11\/ayudar-a-los-refugiados-cristianos-paquistanies-en-tailandia-y-malasia-300x169.jpg 300w, https:\/\/catholic-television.com\/wp-content\/uploads\/2016\/11\/ayudar-a-los-refugiados-cristianos-paquistanies-en-tailandia-y-malasia-768x432.jpg 768w, https:\/\/catholic-television.com\/wp-content\/uploads\/2016\/11\/ayudar-a-los-refugiados-cristianos-paquistanies-en-tailandia-y-malasia-850x478.jpg 850w\" sizes=\"(max-width: 1024px) 100vw, 1024px\" \/>\n            <\/div>\n        <\/div><div class=\"eael-entry-wrapper\"><header class=\"eael-entry-header\"><h2 class=\"eael-entry-title\"><a class=\"eael-grid-post-link\" href=\"https:\/\/catholic-television.com\/es\/ayudar-a-los-refugiados-cristianos-paquistanies-en-tailandia-y-malasia\/\" title=\"Ayudar a los refugiados cristianos paquistan\u00edes en Tailandia y Malasia\">Ayudar a los refugiados cristianos paquistan\u00edes en Tailandia y Malasia<\/a><\/h2><\/header><\/div><\/div>\n        <\/div>\n    <\/article><article class=\"eael-grid-post  eael-post-grid-column eael-pg-post-1081 category-campanas tags-autoridades-de-pakistan-blasfemia-cristianos-perseguidos-pakistan-falsa-acusacion-blasfemia-pakistan-la-constitucion-de-pakistan-la-ley-de-pakistan-ley-de-blasfemia-pakistan-persecucion-cristiana-pakistan-perseguir-a-los-cristianos-victimas-ley-de-blasfemia\" data-id=\"1081\">\n        <div class=\"eael-grid-post-holder\">\n            <div class=\"eael-grid-post-holder-inner\"><div class=\"eael-entry-media\"><div class=\"eael-entry-overlay fade-in\"><i class=\"\" aria-hidden=\"true\"><\/i><a href=\"https:\/\/catholic-television.com\/es\/ayudar-a-las-familias-de-las-victimas-de-la-ley-de-blasfemia-en-pakistan\/\"><\/a><\/div><div class=\"eael-entry-thumbnail \">\n                <img loading=\"lazy\" decoding=\"async\" width=\"1024\" height=\"576\" src=\"https:\/\/catholic-television.com\/wp-content\/uploads\/2016\/11\/ayudar-a-las-familias-de-las-victimas-de-la-ley-de-blasfemia-en-pakistan.jpg\" class=\"attachment-full size-full wp-image-3192\" alt=\"ayudar-a-las-familias-de-las-victimas-de-la-ley-de-blasfemia-en-pakistan\" style=\"width:100%;height:56.25%;max-width:1024px\" srcset=\"https:\/\/catholic-television.com\/wp-content\/uploads\/2016\/11\/ayudar-a-las-familias-de-las-victimas-de-la-ley-de-blasfemia-en-pakistan.jpg 1024w, https:\/\/catholic-television.com\/wp-content\/uploads\/2016\/11\/ayudar-a-las-familias-de-las-victimas-de-la-ley-de-blasfemia-en-pakistan-300x169.jpg 300w, https:\/\/catholic-television.com\/wp-content\/uploads\/2016\/11\/ayudar-a-las-familias-de-las-victimas-de-la-ley-de-blasfemia-en-pakistan-768x432.jpg 768w, https:\/\/catholic-television.com\/wp-content\/uploads\/2016\/11\/ayudar-a-las-familias-de-las-victimas-de-la-ley-de-blasfemia-en-pakistan-850x478.jpg 850w\" sizes=\"(max-width: 1024px) 100vw, 1024px\" \/>\n            <\/div>\n        <\/div><div class=\"eael-entry-wrapper\"><header class=\"eael-entry-header\"><h2 class=\"eael-entry-title\"><a class=\"eael-grid-post-link\" href=\"https:\/\/catholic-television.com\/es\/ayudar-a-las-familias-de-las-victimas-de-la-ley-de-blasfemia-en-pakistan\/\" title=\"Ayudar a las familias de las v\u00edctimas de la ley de blasfemia en Pakist\u00e1n\">Ayudar a las familias de las v\u00edctimas de la ley de blasfemia en Pakist\u00e1n<\/a><\/h2><\/header><\/div><\/div>\n        <\/div>\n    <\/article><\/div>\n            <div class=\"clearfix\"><\/div>\n        <\/div>\t\t\t\t<\/div>\n\t\t\t\t<\/div>\n\t\t\t\t\t<\/div>\n\t\t<\/div>\n\t\t\t\t\t<\/div>\n\t\t<\/section>\n\t\t\t\t<div class=\"elementor-element elementor-element-a23e057 elementor-widget elementor-widget-spacer\" data-id=\"a23e057\" data-element_type=\"widget\" data-e-type=\"widget\" data-widget_type=\"spacer.default\">\n\t\t\t\t<div class=\"elementor-widget-container\">\n\t\t\t\t\t\t\t<div class=\"elementor-spacer\">\n\t\t\t<div class=\"elementor-spacer-inner\"><\/div>\n\t\t<\/div>\n\t\t\t\t\t\t<\/div>\n\t\t\t\t<\/div>\n\t\t\t\t<section class=\"elementor-section elementor-inner-section elementor-element elementor-element-23fd411 elementor-section-content-middle elementor-hidden-tablet elementor-hidden-mobile elementor-section-boxed elementor-section-height-default elementor-section-height-default\" data-id=\"23fd411\" data-element_type=\"section\" data-e-type=\"section\">\n\t\t\t\t\t\t\t<div class=\"elementor-background-overlay\"><\/div>\n\t\t\t\t\t\t\t<div class=\"elementor-container elementor-column-gap-default\">\n\t\t\t\t\t<div class=\"elementor-column elementor-col-33 elementor-inner-column elementor-element elementor-element-05df210\" data-id=\"05df210\" data-element_type=\"column\" data-e-type=\"column\">\n\t\t\t<div class=\"elementor-widget-wrap elementor-element-populated\">\n\t\t\t\t\t\t<div class=\"elementor-element elementor-element-6f7fcc9 elementor-view-default elementor-widget elementor-widget-icon\" data-id=\"6f7fcc9\" data-element_type=\"widget\" data-e-type=\"widget\" data-widget_type=\"icon.default\">\n\t\t\t\t<div class=\"elementor-widget-container\">\n\t\t\t\t\t\t\t<div class=\"elementor-icon-wrapper\">\n\t\t\t<div class=\"elementor-icon\">\n\t\t\t<i aria-hidden=\"true\" class=\"fas fa-square\"><\/i>\t\t\t<\/div>\n\t\t<\/div>\n\t\t\t\t\t\t<\/div>\n\t\t\t\t<\/div>\n\t\t\t\t\t<\/div>\n\t\t<\/div>\n\t\t\t\t<div class=\"elementor-column elementor-col-33 elementor-inner-column elementor-element elementor-element-e1f9cf1\" data-id=\"e1f9cf1\" data-element_type=\"column\" data-e-type=\"column\">\n\t\t\t<div class=\"elementor-widget-wrap elementor-element-populated\">\n\t\t\t\t\t\t<div class=\"elementor-element elementor-element-c4df2a9 elementor-widget elementor-widget-heading\" data-id=\"c4df2a9\" data-element_type=\"widget\" data-e-type=\"widget\" data-widget_type=\"heading.default\">\n\t\t\t\t<div class=\"elementor-widget-container\">\n\t\t\t\t\t<h3 class=\"elementor-heading-title elementor-size-default\"><a href=\"https:\/\/catholic-television.com\/es\/category\/que-sabes-sobre-la-biblia\/\">\u00bfQU\u00c9 SABES SOBRE LA BIBLIA?<\/a><\/h3>\t\t\t\t<\/div>\n\t\t\t\t<\/div>\n\t\t\t\t\t<\/div>\n\t\t<\/div>\n\t\t\t\t<div class=\"elementor-column elementor-col-33 elementor-inner-column elementor-element elementor-element-c3ec23c\" data-id=\"c3ec23c\" data-element_type=\"column\" data-e-type=\"column\">\n\t\t\t<div class=\"elementor-widget-wrap elementor-element-populated\">\n\t\t\t\t\t\t<div class=\"elementor-element elementor-element-0bf9081 elementor-widget__width-inherit elementor-widget elementor-widget-spacer\" data-id=\"0bf9081\" data-element_type=\"widget\" data-e-type=\"widget\" data-widget_type=\"spacer.default\">\n\t\t\t\t<div class=\"elementor-widget-container\">\n\t\t\t\t\t\t\t<div class=\"elementor-spacer\">\n\t\t\t<div class=\"elementor-spacer-inner\"><\/div>\n\t\t<\/div>\n\t\t\t\t\t\t<\/div>\n\t\t\t\t<\/div>\n\t\t\t\t\t<\/div>\n\t\t<\/div>\n\t\t\t\t\t<\/div>\n\t\t<\/section>\n\t\t\t\t<section class=\"elementor-section elementor-inner-section elementor-element elementor-element-2eaa0fc elementor-section-content-middle elementor-hidden-desktop elementor-hidden-tablet elementor-section-boxed elementor-section-height-default elementor-section-height-default\" data-id=\"2eaa0fc\" data-element_type=\"section\" data-e-type=\"section\">\n\t\t\t\t\t\t\t<div class=\"elementor-background-overlay\"><\/div>\n\t\t\t\t\t\t\t<div class=\"elementor-container elementor-column-gap-default\">\n\t\t\t\t\t<div class=\"elementor-column elementor-col-33 elementor-inner-column elementor-element elementor-element-c7c3cbc\" data-id=\"c7c3cbc\" data-element_type=\"column\" data-e-type=\"column\">\n\t\t\t<div class=\"elementor-widget-wrap elementor-element-populated\">\n\t\t\t\t\t\t<div class=\"elementor-element elementor-element-ec17b40 elementor-view-default elementor-widget elementor-widget-icon\" data-id=\"ec17b40\" data-element_type=\"widget\" data-e-type=\"widget\" data-widget_type=\"icon.default\">\n\t\t\t\t<div class=\"elementor-widget-container\">\n\t\t\t\t\t\t\t<div class=\"elementor-icon-wrapper\">\n\t\t\t<div class=\"elementor-icon\">\n\t\t\t<i aria-hidden=\"true\" class=\"fas fa-square\"><\/i>\t\t\t<\/div>\n\t\t<\/div>\n\t\t\t\t\t\t<\/div>\n\t\t\t\t<\/div>\n\t\t\t\t\t<\/div>\n\t\t<\/div>\n\t\t\t\t<div class=\"elementor-column elementor-col-33 elementor-inner-column elementor-element elementor-element-a397811\" data-id=\"a397811\" data-element_type=\"column\" data-e-type=\"column\">\n\t\t\t<div class=\"elementor-widget-wrap elementor-element-populated\">\n\t\t\t\t\t\t<div class=\"elementor-element elementor-element-b1dbb1f elementor-widget elementor-widget-heading\" data-id=\"b1dbb1f\" data-element_type=\"widget\" data-e-type=\"widget\" data-widget_type=\"heading.default\">\n\t\t\t\t<div class=\"elementor-widget-container\">\n\t\t\t\t\t<h3 class=\"elementor-heading-title elementor-size-default\"><a href=\"https:\/\/catholic-television.com\/category\/es\/category\/que-sabes-sobre-la-biblia\/\">\u00bfQU\u00c9 SABES SOBRE LA BIBLIA?<\/a><\/h3>\t\t\t\t<\/div>\n\t\t\t\t<\/div>\n\t\t\t\t\t<\/div>\n\t\t<\/div>\n\t\t\t\t<div class=\"elementor-column elementor-col-33 elementor-inner-column elementor-element elementor-element-35debe4\" data-id=\"35debe4\" data-element_type=\"column\" data-e-type=\"column\">\n\t\t\t<div class=\"elementor-widget-wrap elementor-element-populated\">\n\t\t\t\t\t\t<div class=\"elementor-element elementor-element-651e51c elementor-widget__width-inherit elementor-widget elementor-widget-spacer\" data-id=\"651e51c\" data-element_type=\"widget\" data-e-type=\"widget\" data-widget_type=\"spacer.default\">\n\t\t\t\t<div class=\"elementor-widget-container\">\n\t\t\t\t\t\t\t<div class=\"elementor-spacer\">\n\t\t\t<div class=\"elementor-spacer-inner\"><\/div>\n\t\t<\/div>\n\t\t\t\t\t\t<\/div>\n\t\t\t\t<\/div>\n\t\t\t\t\t<\/div>\n\t\t<\/div>\n\t\t\t\t\t<\/div>\n\t\t<\/section>\n\t\t\t\t<section class=\"elementor-section elementor-inner-section elementor-element elementor-element-db966b1 elementor-section-boxed elementor-section-height-default elementor-section-height-default\" data-id=\"db966b1\" data-element_type=\"section\" data-e-type=\"section\" data-settings=\"{&quot;background_background&quot;:&quot;classic&quot;}\">\n\t\t\t\t\t\t<div class=\"elementor-container elementor-column-gap-default\">\n\t\t\t\t\t<div class=\"elementor-column elementor-col-100 elementor-inner-column elementor-element elementor-element-5b3631c\" data-id=\"5b3631c\" data-element_type=\"column\" data-e-type=\"column\">\n\t\t\t<div class=\"elementor-widget-wrap elementor-element-populated\">\n\t\t\t\t\t\t<div class=\"elementor-element elementor-element-f46c02e elementor-widget elementor-widget-spacer\" data-id=\"f46c02e\" data-element_type=\"widget\" data-e-type=\"widget\" data-widget_type=\"spacer.default\">\n\t\t\t\t<div class=\"elementor-widget-container\">\n\t\t\t\t\t\t\t<div class=\"elementor-spacer\">\n\t\t\t<div class=\"elementor-spacer-inner\"><\/div>\n\t\t<\/div>\n\t\t\t\t\t\t<\/div>\n\t\t\t\t<\/div>\n\t\t\t\t\t<\/div>\n\t\t<\/div>\n\t\t\t\t\t<\/div>\n\t\t<\/section>\n\t\t\t\t<section class=\"elementor-section elementor-inner-section elementor-element elementor-element-8ec1c44 elementor-section-boxed elementor-section-height-default elementor-section-height-default\" data-id=\"8ec1c44\" data-element_type=\"section\" data-e-type=\"section\" data-settings=\"{&quot;background_background&quot;:&quot;classic&quot;}\">\n\t\t\t\t\t\t<div class=\"elementor-container elementor-column-gap-default\">\n\t\t\t\t\t<div class=\"elementor-column elementor-col-100 elementor-inner-column elementor-element elementor-element-6c8bcc2\" data-id=\"6c8bcc2\" data-element_type=\"column\" data-e-type=\"column\" data-settings=\"{&quot;background_background&quot;:&quot;classic&quot;}\">\n\t\t\t<div class=\"elementor-widget-wrap elementor-element-populated\">\n\t\t\t\t\t\t<div class=\"elementor-element elementor-element-25b8838 elementor-grid-eael-col-1 elementor-grid-tablet-eael-col-2 elementor-grid-mobile-eael-col-1 elementor-widget elementor-widget-eael-post-grid\" data-id=\"25b8838\" data-element_type=\"widget\" data-e-type=\"widget\" data-settings=\"{&quot;eael_post_grid_columns&quot;:&quot;eael-col-1&quot;,&quot;eael_post_grid_columns_tablet&quot;:&quot;eael-col-2&quot;,&quot;eael_post_grid_columns_mobile&quot;:&quot;eael-col-1&quot;}\" data-widget_type=\"eael-post-grid.default\">\n\t\t\t\t<div class=\"elementor-widget-container\">\n\t\t\t\t\t<div id=\"eael-post-grid-25b8838\" class=\"eael-post-grid-container\">\n            <div class=\"eael-post-grid eael-post-appender eael-post-appender-25b8838 eael-post-grid-style-two\" data-layout-mode=\"grid\"><article class=\"eael-grid-post  eael-post-grid-column eael-pg-post-1214 category-que-sabes-sobre-la-biblia\" data-id=\"1214\">\n    <div class=\"eael-grid-post-holder\">\n        <div class=\"eael-grid-post-holder-inner\"><div class=\"eael-entry-media\"><div class=\"eael-entry-overlay fade-in\"><i class=\"\" aria-hidden=\"true\"><\/i><a href=\"https:\/\/catholic-television.com\/es\/cual-fue-el-primer-milagro-que-jesus-realizo\/\"><\/a><\/div><div class=\"eael-entry-thumbnail \">\n                            <img loading=\"lazy\" decoding=\"async\" width=\"1024\" height=\"576\" src=\"https:\/\/catholic-television.com\/wp-content\/uploads\/2016\/11\/cual-fue-el-primer-milagro-que-jesus-realizo-preguntas-sobre-la-biblia.jpg\" class=\"attachment-full size-full wp-image-3266\" alt=\"cual-fue-el-primer-milagro-que-jesus-realizo-preguntas-sobre-la-biblia\" style=\"width:100%;height:56.25%;max-width:1024px\" srcset=\"https:\/\/catholic-television.com\/wp-content\/uploads\/2016\/11\/cual-fue-el-primer-milagro-que-jesus-realizo-preguntas-sobre-la-biblia.jpg 1024w, https:\/\/catholic-television.com\/wp-content\/uploads\/2016\/11\/cual-fue-el-primer-milagro-que-jesus-realizo-preguntas-sobre-la-biblia-300x169.jpg 300w, https:\/\/catholic-television.com\/wp-content\/uploads\/2016\/11\/cual-fue-el-primer-milagro-que-jesus-realizo-preguntas-sobre-la-biblia-768x432.jpg 768w, https:\/\/catholic-television.com\/wp-content\/uploads\/2016\/11\/cual-fue-el-primer-milagro-que-jesus-realizo-preguntas-sobre-la-biblia-850x478.jpg 850w\" sizes=\"(max-width: 1024px) 100vw, 1024px\" \/>\n                            <\/div>\n                    <\/div><div class=\"eael-entry-wrapper\"><header class=\"eael-entry-header\"><h2 class=\"eael-entry-title\"><a class=\"eael-grid-post-link\" href=\"https:\/\/catholic-television.com\/es\/cual-fue-el-primer-milagro-que-jesus-realizo\/\" title=\"\u00bfCu\u00e1l fue el primer milagro que Jes\u00fas realiz\u00f3?\">\u00bfCu\u00e1l fue el primer milagro que Jes\u00fas realiz\u00f3?<\/a><\/h2><\/header><div class=\"eael-entry-header-after style-two\"><div class=\"eael-entry-meta\"><span class=\"eael-meta-posted-on\"><i class=\"far fa-clock\"><\/i><time datetime=\"noviembre 28, 2016\">noviembre 28, 2016<\/time><\/span><\/div><\/div><\/div><\/div>\n    <\/div>\n<\/article><\/div>\n            <div class=\"clearfix\"><\/div>\n        <\/div>            <div class=\"eael-load-more-button-wrap eael-force-hide\">\n                <button class=\"eael-load-more-button\" id=\"eael-load-more-btn-25b8838\" data-widget-id=\"25b8838\" data-widget=\"25b8838\" data-page-id=\"5360\" data-template=\"{&quot;dir&quot;:&quot;lite&quot;,&quot;file_name&quot;:&quot;two.php&quot;,&quot;name&quot;:&quot;Post-Grid&quot;}\" data-class=\"Essential_Addons_Elementor\\Elements\\Post_Grid\" data-layout=\"grid\" data-page=\"1\" data-args=\"orderby=date&amp;order=desc&amp;ignore_sticky_posts=1&amp;post_status=publish&amp;posts_per_page=1&amp;offset=0&amp;post_type=post&amp;tax_query%5B0%5D%5Btaxonomy%5D=category&amp;tax_query%5B0%5D%5Bfield%5D=term_id&amp;tax_query%5B0%5D%5Bterms%5D%5B0%5D=647&amp;tax_query%5Brelation%5D=AND\" data-max-page=\"6\">\n                    <span class=\"eael-btn-loader button__loader\"><\/span>\n                    <span class=\"eael_load_more_text\">Load More<\/span>\n                <\/button>\n            <\/div>\n            \t\t\t\t<\/div>\n\t\t\t\t<\/div>\n\t\t\t\t\t<\/div>\n\t\t<\/div>\n\t\t\t\t\t<\/div>\n\t\t<\/section>\n\t\t\t\t<section class=\"elementor-section elementor-inner-section elementor-element elementor-element-10a77ab elementor-section-boxed elementor-section-height-default elementor-section-height-default\" data-id=\"10a77ab\" data-element_type=\"section\" data-e-type=\"section\" data-settings=\"{&quot;background_background&quot;:&quot;classic&quot;}\">\n\t\t\t\t\t\t<div class=\"elementor-container elementor-column-gap-default\">\n\t\t\t\t\t<div class=\"elementor-column elementor-col-100 elementor-inner-column elementor-element elementor-element-08708a7\" data-id=\"08708a7\" data-element_type=\"column\" data-e-type=\"column\">\n\t\t\t<div class=\"elementor-widget-wrap elementor-element-populated\">\n\t\t\t\t\t\t<div class=\"elementor-element elementor-element-cb28bda elementor-widget elementor-widget-spacer\" data-id=\"cb28bda\" data-element_type=\"widget\" data-e-type=\"widget\" data-widget_type=\"spacer.default\">\n\t\t\t\t<div class=\"elementor-widget-container\">\n\t\t\t\t\t\t\t<div class=\"elementor-spacer\">\n\t\t\t<div class=\"elementor-spacer-inner\"><\/div>\n\t\t<\/div>\n\t\t\t\t\t\t<\/div>\n\t\t\t\t<\/div>\n\t\t\t\t\t<\/div>\n\t\t<\/div>\n\t\t\t\t\t<\/div>\n\t\t<\/section>\n\t\t\t\t<section class=\"elementor-section elementor-inner-section elementor-element elementor-element-4fac45f elementor-section-content-middle elementor-hidden-tablet elementor-hidden-mobile elementor-section-boxed elementor-section-height-default elementor-section-height-default\" data-id=\"4fac45f\" data-element_type=\"section\" data-e-type=\"section\">\n\t\t\t\t\t\t\t<div class=\"elementor-background-overlay\"><\/div>\n\t\t\t\t\t\t\t<div class=\"elementor-container elementor-column-gap-default\">\n\t\t\t\t\t<div class=\"elementor-column elementor-col-33 elementor-inner-column elementor-element elementor-element-b698a67\" data-id=\"b698a67\" data-element_type=\"column\" data-e-type=\"column\">\n\t\t\t<div class=\"elementor-widget-wrap elementor-element-populated\">\n\t\t\t\t\t\t<div class=\"elementor-element elementor-element-e501c63 elementor-view-default elementor-widget elementor-widget-icon\" data-id=\"e501c63\" data-element_type=\"widget\" data-e-type=\"widget\" data-widget_type=\"icon.default\">\n\t\t\t\t<div class=\"elementor-widget-container\">\n\t\t\t\t\t\t\t<div class=\"elementor-icon-wrapper\">\n\t\t\t<div class=\"elementor-icon\">\n\t\t\t<i aria-hidden=\"true\" class=\"fas fa-square\"><\/i>\t\t\t<\/div>\n\t\t<\/div>\n\t\t\t\t\t\t<\/div>\n\t\t\t\t<\/div>\n\t\t\t\t\t<\/div>\n\t\t<\/div>\n\t\t\t\t<div class=\"elementor-column elementor-col-33 elementor-inner-column elementor-element elementor-element-f21b8b4\" data-id=\"f21b8b4\" data-element_type=\"column\" data-e-type=\"column\">\n\t\t\t<div class=\"elementor-widget-wrap elementor-element-populated\">\n\t\t\t\t\t\t<div class=\"elementor-element elementor-element-62fd9ee elementor-widget elementor-widget-heading\" data-id=\"62fd9ee\" data-element_type=\"widget\" data-e-type=\"widget\" data-widget_type=\"heading.default\">\n\t\t\t\t<div class=\"elementor-widget-container\">\n\t\t\t\t\t<h3 class=\"elementor-heading-title elementor-size-default\"><a href=\"\/es\/category\/versiculo-del-dia\/\">VERS\u00cdCULO DEL D\u00cdA<\/a><\/h3>\t\t\t\t<\/div>\n\t\t\t\t<\/div>\n\t\t\t\t\t<\/div>\n\t\t<\/div>\n\t\t\t\t<div class=\"elementor-column elementor-col-33 elementor-inner-column elementor-element elementor-element-9eee841\" data-id=\"9eee841\" data-element_type=\"column\" data-e-type=\"column\">\n\t\t\t<div class=\"elementor-widget-wrap elementor-element-populated\">\n\t\t\t\t\t\t<div class=\"elementor-element elementor-element-14e7c3d elementor-widget__width-inherit elementor-widget elementor-widget-spacer\" data-id=\"14e7c3d\" data-element_type=\"widget\" data-e-type=\"widget\" data-widget_type=\"spacer.default\">\n\t\t\t\t<div class=\"elementor-widget-container\">\n\t\t\t\t\t\t\t<div class=\"elementor-spacer\">\n\t\t\t<div class=\"elementor-spacer-inner\"><\/div>\n\t\t<\/div>\n\t\t\t\t\t\t<\/div>\n\t\t\t\t<\/div>\n\t\t\t\t\t<\/div>\n\t\t<\/div>\n\t\t\t\t\t<\/div>\n\t\t<\/section>\n\t\t\t\t<section class=\"elementor-section elementor-inner-section elementor-element elementor-element-3280b77 elementor-section-content-middle elementor-hidden-desktop elementor-hidden-tablet elementor-section-boxed elementor-section-height-default elementor-section-height-default\" data-id=\"3280b77\" data-element_type=\"section\" data-e-type=\"section\">\n\t\t\t\t\t\t\t<div class=\"elementor-background-overlay\"><\/div>\n\t\t\t\t\t\t\t<div class=\"elementor-container elementor-column-gap-default\">\n\t\t\t\t\t<div class=\"elementor-column elementor-col-33 elementor-inner-column elementor-element elementor-element-390c843\" data-id=\"390c843\" data-element_type=\"column\" data-e-type=\"column\">\n\t\t\t<div class=\"elementor-widget-wrap elementor-element-populated\">\n\t\t\t\t\t\t<div class=\"elementor-element elementor-element-f60051f elementor-view-default elementor-widget elementor-widget-icon\" data-id=\"f60051f\" data-element_type=\"widget\" data-e-type=\"widget\" data-widget_type=\"icon.default\">\n\t\t\t\t<div class=\"elementor-widget-container\">\n\t\t\t\t\t\t\t<div class=\"elementor-icon-wrapper\">\n\t\t\t<div class=\"elementor-icon\">\n\t\t\t<i aria-hidden=\"true\" class=\"fas fa-square\"><\/i>\t\t\t<\/div>\n\t\t<\/div>\n\t\t\t\t\t\t<\/div>\n\t\t\t\t<\/div>\n\t\t\t\t\t<\/div>\n\t\t<\/div>\n\t\t\t\t<div class=\"elementor-column elementor-col-33 elementor-inner-column elementor-element elementor-element-43af631\" data-id=\"43af631\" data-element_type=\"column\" data-e-type=\"column\">\n\t\t\t<div class=\"elementor-widget-wrap elementor-element-populated\">\n\t\t\t\t\t\t<div class=\"elementor-element elementor-element-3b457b1 elementor-widget elementor-widget-heading\" data-id=\"3b457b1\" data-element_type=\"widget\" data-e-type=\"widget\" data-widget_type=\"heading.default\">\n\t\t\t\t<div class=\"elementor-widget-container\">\n\t\t\t\t\t<h3 class=\"elementor-heading-title elementor-size-default\"><a href=\"\/es\/category\/versiculo-del-dia\/\">VERS\u00cdCULO DEL D\u00cdA<\/a><\/h3>\t\t\t\t<\/div>\n\t\t\t\t<\/div>\n\t\t\t\t\t<\/div>\n\t\t<\/div>\n\t\t\t\t<div class=\"elementor-column elementor-col-33 elementor-inner-column elementor-element elementor-element-3341169\" data-id=\"3341169\" data-element_type=\"column\" data-e-type=\"column\">\n\t\t\t<div class=\"elementor-widget-wrap elementor-element-populated\">\n\t\t\t\t\t\t<div class=\"elementor-element elementor-element-c7f3cb9 elementor-widget__width-inherit elementor-widget elementor-widget-spacer\" data-id=\"c7f3cb9\" data-element_type=\"widget\" data-e-type=\"widget\" data-widget_type=\"spacer.default\">\n\t\t\t\t<div class=\"elementor-widget-container\">\n\t\t\t\t\t\t\t<div class=\"elementor-spacer\">\n\t\t\t<div class=\"elementor-spacer-inner\"><\/div>\n\t\t<\/div>\n\t\t\t\t\t\t<\/div>\n\t\t\t\t<\/div>\n\t\t\t\t\t<\/div>\n\t\t<\/div>\n\t\t\t\t\t<\/div>\n\t\t<\/section>\n\t\t\t\t<div class=\"elementor-element elementor-element-864c96e elementor-widget elementor-widget-spacer\" data-id=\"864c96e\" data-element_type=\"widget\" data-e-type=\"widget\" data-widget_type=\"spacer.default\">\n\t\t\t\t<div class=\"elementor-widget-container\">\n\t\t\t\t\t\t\t<div class=\"elementor-spacer\">\n\t\t\t<div class=\"elementor-spacer-inner\"><\/div>\n\t\t<\/div>\n\t\t\t\t\t\t<\/div>\n\t\t\t\t<\/div>\n\t\t\t\t<section class=\"elementor-section elementor-inner-section elementor-element elementor-element-a5161dc elementor-section-boxed elementor-section-height-default elementor-section-height-default\" data-id=\"a5161dc\" data-element_type=\"section\" data-e-type=\"section\" data-settings=\"{&quot;background_background&quot;:&quot;classic&quot;}\">\n\t\t\t\t\t\t<div class=\"elementor-container elementor-column-gap-default\">\n\t\t\t\t\t<div class=\"elementor-column elementor-col-100 elementor-inner-column elementor-element elementor-element-5b11a2f\" data-id=\"5b11a2f\" data-element_type=\"column\" data-e-type=\"column\" data-settings=\"{&quot;background_background&quot;:&quot;classic&quot;}\">\n\t\t\t<div class=\"elementor-widget-wrap elementor-element-populated\">\n\t\t\t\t\t\t<div class=\"elementor-element elementor-element-51c9275 elementor-grid-eael-col-1 elementor-grid-tablet-eael-col-2 elementor-grid-mobile-eael-col-1 elementor-widget elementor-widget-eael-post-grid\" data-id=\"51c9275\" data-element_type=\"widget\" data-e-type=\"widget\" data-settings=\"{&quot;eael_post_grid_columns&quot;:&quot;eael-col-1&quot;,&quot;eael_post_grid_columns_tablet&quot;:&quot;eael-col-2&quot;,&quot;eael_post_grid_columns_mobile&quot;:&quot;eael-col-1&quot;}\" data-widget_type=\"eael-post-grid.default\">\n\t\t\t\t<div class=\"elementor-widget-container\">\n\t\t\t\t\t<div id=\"eael-post-grid-51c9275\" class=\"eael-post-grid-container\">\n            <div class=\"eael-post-grid eael-post-appender eael-post-appender-51c9275 eael-post-grid-style-two\" data-layout-mode=\"grid\"><article class=\"eael-grid-post  eael-post-grid-column eael-pg-post-1357 category-versiculo-del-dia\" data-id=\"1357\">\n    <div class=\"eael-grid-post-holder\">\n        <div class=\"eael-grid-post-holder-inner\"><div class=\"eael-entry-media\"><div class=\"eael-entry-overlay fade-in\"><i class=\"\" aria-hidden=\"true\"><\/i><a href=\"https:\/\/catholic-television.com\/es\/mateo-58\/\"><\/a><\/div><div class=\"eael-entry-thumbnail \">\n                            <img loading=\"lazy\" decoding=\"async\" width=\"1280\" height=\"763\" src=\"https:\/\/catholic-television.com\/wp-content\/uploads\/2016\/12\/V2.jpg\" class=\"attachment-full size-full wp-image-1358\" alt=\"\" style=\"width:100%;height:59.61%;max-width:1280px\" srcset=\"https:\/\/catholic-television.com\/wp-content\/uploads\/2016\/12\/V2.jpg 1280w, https:\/\/catholic-television.com\/wp-content\/uploads\/2016\/12\/V2-300x179.jpg 300w, https:\/\/catholic-television.com\/wp-content\/uploads\/2016\/12\/V2-768x458.jpg 768w, https:\/\/catholic-television.com\/wp-content\/uploads\/2016\/12\/V2-1024x610.jpg 1024w, https:\/\/catholic-television.com\/wp-content\/uploads\/2016\/12\/V2-850x507.jpg 850w\" sizes=\"(max-width: 1280px) 100vw, 1280px\" \/>\n                            <\/div>\n                    <\/div><div class=\"eael-entry-wrapper\"><header class=\"eael-entry-header\"><h2 class=\"eael-entry-title\"><a class=\"eael-grid-post-link\" href=\"https:\/\/catholic-television.com\/es\/mateo-58\/\" title=\"Mateo 5:8\">Mateo 5:8<\/a><\/h2><\/header><div class=\"eael-entry-header-after style-two\"><div class=\"eael-entry-meta\"><span class=\"eael-meta-posted-on\"><i class=\"far fa-clock\"><\/i><time datetime=\"diciembre 23, 2016\">diciembre 23, 2016<\/time><\/span><\/div><\/div><\/div><\/div>\n    <\/div>\n<\/article><\/div>\n            <div class=\"clearfix\"><\/div>\n        <\/div>\t\t\t\t<\/div>\n\t\t\t\t<\/div>\n\t\t\t\t\t<\/div>\n\t\t<\/div>\n\t\t\t\t\t<\/div>\n\t\t<\/section>\n\t\t\t\t<section class=\"elementor-section elementor-inner-section elementor-element elementor-element-66288ed elementor-section-boxed elementor-section-height-default elementor-section-height-default\" data-id=\"66288ed\" data-element_type=\"section\" data-e-type=\"section\" data-settings=\"{&quot;background_background&quot;:&quot;classic&quot;}\">\n\t\t\t\t\t\t<div class=\"elementor-container elementor-column-gap-default\">\n\t\t\t\t\t<div class=\"elementor-column elementor-col-100 elementor-inner-column elementor-element elementor-element-b6e2510\" data-id=\"b6e2510\" data-element_type=\"column\" data-e-type=\"column\">\n\t\t\t<div class=\"elementor-widget-wrap elementor-element-populated\">\n\t\t\t\t\t\t<div class=\"elementor-element elementor-element-d800341 elementor-widget elementor-widget-spacer\" data-id=\"d800341\" data-element_type=\"widget\" data-e-type=\"widget\" data-widget_type=\"spacer.default\">\n\t\t\t\t<div class=\"elementor-widget-container\">\n\t\t\t\t\t\t\t<div class=\"elementor-spacer\">\n\t\t\t<div class=\"elementor-spacer-inner\"><\/div>\n\t\t<\/div>\n\t\t\t\t\t\t<\/div>\n\t\t\t\t<\/div>\n\t\t\t\t\t<\/div>\n\t\t<\/div>\n\t\t\t\t\t<\/div>\n\t\t<\/section>\n\t\t\t\t<section class=\"elementor-section elementor-inner-section elementor-element elementor-element-e506611 elementor-section-boxed elementor-section-height-default elementor-section-height-default\" data-id=\"e506611\" data-element_type=\"section\" data-e-type=\"section\">\n\t\t\t\t\t\t<div class=\"elementor-container elementor-column-gap-default\">\n\t\t\t\t\t<div class=\"elementor-column elementor-col-100 elementor-inner-column elementor-element elementor-element-15b3985\" data-id=\"15b3985\" data-element_type=\"column\" data-e-type=\"column\">\n\t\t\t<div class=\"elementor-widget-wrap elementor-element-populated\">\n\t\t\t\t\t\t<div class=\"elementor-element elementor-element-8fc114f elementor-widget elementor-widget-image\" data-id=\"8fc114f\" data-element_type=\"widget\" data-e-type=\"widget\" data-widget_type=\"image.default\">\n\t\t\t\t<div class=\"elementor-widget-container\">\n\t\t\t\t\t\t\t\t\t\t\t\t\t\t\t\t<a href=\"https:\/\/catholic-television.com\/es\/la-biblia-en-tu-idioma\/\">\n\t\t\t\t\t\t\t<img loading=\"lazy\" decoding=\"async\" width=\"750\" height=\"98\" src=\"https:\/\/catholic-television.com\/wp-content\/uploads\/2019\/07\/Banner_-widget_bible_ESP.jpg\" class=\"attachment-large size-large wp-image-10238\" alt=\"\" srcset=\"https:\/\/catholic-television.com\/wp-content\/uploads\/2019\/07\/Banner_-widget_bible_ESP.jpg 853w, https:\/\/catholic-television.com\/wp-content\/uploads\/2019\/07\/Banner_-widget_bible_ESP-300x39.jpg 300w, https:\/\/catholic-television.com\/wp-content\/uploads\/2019\/07\/Banner_-widget_bible_ESP-768x101.jpg 768w, https:\/\/catholic-television.com\/wp-content\/uploads\/2019\/07\/Banner_-widget_bible_ESP-850x112.jpg 850w\" sizes=\"(max-width: 750px) 100vw, 750px\" style=\"width:100%;height:13.13%;max-width:853px\" \/>\t\t\t\t\t\t\t\t<\/a>\n\t\t\t\t\t\t\t\t\t\t\t\t\t\t\t<\/div>\n\t\t\t\t<\/div>\n\t\t\t\t\t<\/div>\n\t\t<\/div>\n\t\t\t\t\t<\/div>\n\t\t<\/section>\n\t\t\t\t<section class=\"elementor-section elementor-inner-section elementor-element elementor-element-a80d086 elementor-section-boxed elementor-section-height-default elementor-section-height-default\" data-id=\"a80d086\" data-element_type=\"section\" data-e-type=\"section\" data-settings=\"{&quot;background_background&quot;:&quot;classic&quot;}\">\n\t\t\t\t\t\t<div class=\"elementor-container elementor-column-gap-default\">\n\t\t\t\t\t<div class=\"elementor-column elementor-col-100 elementor-inner-column elementor-element elementor-element-d3c567e\" data-id=\"d3c567e\" data-element_type=\"column\" data-e-type=\"column\">\n\t\t\t<div class=\"elementor-widget-wrap elementor-element-populated\">\n\t\t\t\t\t\t<div class=\"elementor-element elementor-element-1a03c8c elementor-widget elementor-widget-spacer\" data-id=\"1a03c8c\" data-element_type=\"widget\" data-e-type=\"widget\" data-widget_type=\"spacer.default\">\n\t\t\t\t<div class=\"elementor-widget-container\">\n\t\t\t\t\t\t\t<div class=\"elementor-spacer\">\n\t\t\t<div class=\"elementor-spacer-inner\"><\/div>\n\t\t<\/div>\n\t\t\t\t\t\t<\/div>\n\t\t\t\t<\/div>\n\t\t\t\t\t<\/div>\n\t\t<\/div>\n\t\t\t\t\t<\/div>\n\t\t<\/section>\n\t\t\t\t<section class=\"elementor-section elementor-inner-section elementor-element elementor-element-7e00b36 elementor-section-boxed elementor-section-height-default elementor-section-height-default\" data-id=\"7e00b36\" data-element_type=\"section\" data-e-type=\"section\">\n\t\t\t\t\t\t<div class=\"elementor-container elementor-column-gap-default\">\n\t\t\t\t\t<div class=\"elementor-column elementor-col-100 elementor-inner-column elementor-element elementor-element-d325116\" data-id=\"d325116\" data-element_type=\"column\" data-e-type=\"column\">\n\t\t\t<div class=\"elementor-widget-wrap elementor-element-populated\">\n\t\t\t\t\t\t<div class=\"elementor-element elementor-element-289d9f0 elementor-widget elementor-widget-image\" data-id=\"289d9f0\" data-element_type=\"widget\" data-e-type=\"widget\" data-widget_type=\"image.default\">\n\t\t\t\t<div class=\"elementor-widget-container\">\n\t\t\t\t\t\t\t\t\t\t\t\t\t\t\t\t<a href=\"https:\/\/catholic-television.com\/es\/peticiones-de-oraciones\/\">\n\t\t\t\t\t\t\t<img loading=\"lazy\" decoding=\"async\" width=\"750\" height=\"98\" src=\"https:\/\/catholic-television.com\/wp-content\/uploads\/2019\/07\/Banner_widget_prayer_ESP.jpg\" class=\"attachment-large size-large wp-image-10230\" alt=\"\" srcset=\"https:\/\/catholic-television.com\/wp-content\/uploads\/2019\/07\/Banner_widget_prayer_ESP.jpg 853w, https:\/\/catholic-television.com\/wp-content\/uploads\/2019\/07\/Banner_widget_prayer_ESP-300x39.jpg 300w, https:\/\/catholic-television.com\/wp-content\/uploads\/2019\/07\/Banner_widget_prayer_ESP-768x101.jpg 768w, https:\/\/catholic-television.com\/wp-content\/uploads\/2019\/07\/Banner_widget_prayer_ESP-850x112.jpg 850w\" sizes=\"(max-width: 750px) 100vw, 750px\" style=\"width:100%;height:13.13%;max-width:853px\" \/>\t\t\t\t\t\t\t\t<\/a>\n\t\t\t\t\t\t\t\t\t\t\t\t\t\t\t<\/div>\n\t\t\t\t<\/div>\n\t\t\t\t\t<\/div>\n\t\t<\/div>\n\t\t\t\t\t<\/div>\n\t\t<\/section>\n\t\t\t\t<section class=\"elementor-section elementor-inner-section elementor-element elementor-element-069d9ff elementor-section-boxed elementor-section-height-default elementor-section-height-default\" data-id=\"069d9ff\" data-element_type=\"section\" data-e-type=\"section\" data-settings=\"{&quot;background_background&quot;:&quot;classic&quot;}\">\n\t\t\t\t\t\t<div class=\"elementor-container elementor-column-gap-default\">\n\t\t\t\t\t<div class=\"elementor-column elementor-col-100 elementor-inner-column elementor-element elementor-element-c9e81fc\" data-id=\"c9e81fc\" data-element_type=\"column\" data-e-type=\"column\">\n\t\t\t<div class=\"elementor-widget-wrap elementor-element-populated\">\n\t\t\t\t\t\t<div class=\"elementor-element elementor-element-74542f7 elementor-widget elementor-widget-spacer\" data-id=\"74542f7\" data-element_type=\"widget\" data-e-type=\"widget\" data-widget_type=\"spacer.default\">\n\t\t\t\t<div class=\"elementor-widget-container\">\n\t\t\t\t\t\t\t<div class=\"elementor-spacer\">\n\t\t\t<div class=\"elementor-spacer-inner\"><\/div>\n\t\t<\/div>\n\t\t\t\t\t\t<\/div>\n\t\t\t\t<\/div>\n\t\t\t\t\t<\/div>\n\t\t<\/div>\n\t\t\t\t\t<\/div>\n\t\t<\/section>\n\t\t\t\t<section class=\"elementor-section elementor-inner-section elementor-element elementor-element-5bbd75c elementor-section-boxed elementor-section-height-default elementor-section-height-default\" data-id=\"5bbd75c\" data-element_type=\"section\" data-e-type=\"section\">\n\t\t\t\t\t\t<div class=\"elementor-container elementor-column-gap-default\">\n\t\t\t\t\t<div class=\"elementor-column elementor-col-100 elementor-inner-column elementor-element elementor-element-60d6269\" data-id=\"60d6269\" data-element_type=\"column\" data-e-type=\"column\">\n\t\t\t<div class=\"elementor-widget-wrap elementor-element-populated\">\n\t\t\t\t\t\t<div class=\"elementor-element elementor-element-e8dbc5a elementor-widget elementor-widget-image\" data-id=\"e8dbc5a\" data-element_type=\"widget\" data-e-type=\"widget\" data-widget_type=\"image.default\">\n\t\t\t\t<div class=\"elementor-widget-container\">\n\t\t\t\t\t\t\t\t\t\t\t\t\t\t\t\t<a href=\"https:\/\/catholic-television.com\/es\/dar-voz-tus-palabras\/\">\n\t\t\t\t\t\t\t<img loading=\"lazy\" decoding=\"async\" width=\"750\" height=\"98\" src=\"https:\/\/catholic-television.com\/wp-content\/uploads\/2019\/07\/Banner_widget_mano_ESP.jpg\" class=\"attachment-large size-large wp-image-10226\" alt=\"\" srcset=\"https:\/\/catholic-television.com\/wp-content\/uploads\/2019\/07\/Banner_widget_mano_ESP.jpg 853w, https:\/\/catholic-television.com\/wp-content\/uploads\/2019\/07\/Banner_widget_mano_ESP-300x39.jpg 300w, https:\/\/catholic-television.com\/wp-content\/uploads\/2019\/07\/Banner_widget_mano_ESP-768x101.jpg 768w, https:\/\/catholic-television.com\/wp-content\/uploads\/2019\/07\/Banner_widget_mano_ESP-850x112.jpg 850w\" sizes=\"(max-width: 750px) 100vw, 750px\" style=\"width:100%;height:13.13%;max-width:853px\" \/>\t\t\t\t\t\t\t\t<\/a>\n\t\t\t\t\t\t\t\t\t\t\t\t\t\t\t<\/div>\n\t\t\t\t<\/div>\n\t\t\t\t\t<\/div>\n\t\t<\/div>\n\t\t\t\t\t<\/div>\n\t\t<\/section>\n\t\t\t\t<section class=\"elementor-section elementor-inner-section elementor-element elementor-element-a0ac7e5 elementor-section-boxed elementor-section-height-default elementor-section-height-default\" data-id=\"a0ac7e5\" data-element_type=\"section\" data-e-type=\"section\" data-settings=\"{&quot;background_background&quot;:&quot;classic&quot;}\">\n\t\t\t\t\t\t<div class=\"elementor-container elementor-column-gap-default\">\n\t\t\t\t\t<div class=\"elementor-column elementor-col-100 elementor-inner-column elementor-element elementor-element-e152bb5\" data-id=\"e152bb5\" data-element_type=\"column\" data-e-type=\"column\">\n\t\t\t<div class=\"elementor-widget-wrap elementor-element-populated\">\n\t\t\t\t\t\t<div class=\"elementor-element elementor-element-62a1fe4 elementor-widget elementor-widget-spacer\" data-id=\"62a1fe4\" data-element_type=\"widget\" data-e-type=\"widget\" data-widget_type=\"spacer.default\">\n\t\t\t\t<div class=\"elementor-widget-container\">\n\t\t\t\t\t\t\t<div class=\"elementor-spacer\">\n\t\t\t<div class=\"elementor-spacer-inner\"><\/div>\n\t\t<\/div>\n\t\t\t\t\t\t<\/div>\n\t\t\t\t<\/div>\n\t\t\t\t\t<\/div>\n\t\t<\/div>\n\t\t\t\t\t<\/div>\n\t\t<\/section>\n\t\t\t\t<section class=\"elementor-section elementor-inner-section elementor-element elementor-element-3c36797 elementor-section-content-middle elementor-hidden-tablet elementor-hidden-mobile elementor-section-boxed elementor-section-height-default elementor-section-height-default\" data-id=\"3c36797\" data-element_type=\"section\" data-e-type=\"section\">\n\t\t\t\t\t\t\t<div class=\"elementor-background-overlay\"><\/div>\n\t\t\t\t\t\t\t<div class=\"elementor-container elementor-column-gap-default\">\n\t\t\t\t\t<div class=\"elementor-column elementor-col-33 elementor-inner-column elementor-element elementor-element-4e569e2\" data-id=\"4e569e2\" data-element_type=\"column\" data-e-type=\"column\">\n\t\t\t<div class=\"elementor-widget-wrap elementor-element-populated\">\n\t\t\t\t\t\t<div class=\"elementor-element elementor-element-fbddd91 elementor-view-default elementor-widget elementor-widget-icon\" data-id=\"fbddd91\" data-element_type=\"widget\" data-e-type=\"widget\" data-widget_type=\"icon.default\">\n\t\t\t\t<div class=\"elementor-widget-container\">\n\t\t\t\t\t\t\t<div class=\"elementor-icon-wrapper\">\n\t\t\t<div class=\"elementor-icon\">\n\t\t\t<i aria-hidden=\"true\" class=\"fas fa-square\"><\/i>\t\t\t<\/div>\n\t\t<\/div>\n\t\t\t\t\t\t<\/div>\n\t\t\t\t<\/div>\n\t\t\t\t\t<\/div>\n\t\t<\/div>\n\t\t\t\t<div class=\"elementor-column elementor-col-33 elementor-inner-column elementor-element elementor-element-6931e5b\" data-id=\"6931e5b\" data-element_type=\"column\" data-e-type=\"column\">\n\t\t\t<div class=\"elementor-widget-wrap elementor-element-populated\">\n\t\t\t\t\t\t<div class=\"elementor-element elementor-element-6a5507f elementor-widget elementor-widget-heading\" data-id=\"6a5507f\" data-element_type=\"widget\" data-e-type=\"widget\" data-widget_type=\"heading.default\">\n\t\t\t\t<div class=\"elementor-widget-container\">\n\t\t\t\t\t<h3 class=\"elementor-heading-title elementor-size-default\"><a href=\"https:\/\/catholic-television.com\/es\/apoyanos\/\">AP\u00d3YANOS<\/a><\/h3>\t\t\t\t<\/div>\n\t\t\t\t<\/div>\n\t\t\t\t\t<\/div>\n\t\t<\/div>\n\t\t\t\t<div class=\"elementor-column elementor-col-33 elementor-inner-column elementor-element elementor-element-b389716\" data-id=\"b389716\" data-element_type=\"column\" data-e-type=\"column\">\n\t\t\t<div class=\"elementor-widget-wrap elementor-element-populated\">\n\t\t\t\t\t\t<div class=\"elementor-element elementor-element-f52dc05 elementor-widget__width-inherit elementor-widget elementor-widget-spacer\" data-id=\"f52dc05\" data-element_type=\"widget\" data-e-type=\"widget\" data-widget_type=\"spacer.default\">\n\t\t\t\t<div class=\"elementor-widget-container\">\n\t\t\t\t\t\t\t<div class=\"elementor-spacer\">\n\t\t\t<div class=\"elementor-spacer-inner\"><\/div>\n\t\t<\/div>\n\t\t\t\t\t\t<\/div>\n\t\t\t\t<\/div>\n\t\t\t\t\t<\/div>\n\t\t<\/div>\n\t\t\t\t\t<\/div>\n\t\t<\/section>\n\t\t\t\t<section class=\"elementor-section elementor-inner-section elementor-element elementor-element-cab0771 elementor-section-content-middle elementor-hidden-desktop elementor-hidden-tablet elementor-section-boxed elementor-section-height-default elementor-section-height-default\" data-id=\"cab0771\" data-element_type=\"section\" data-e-type=\"section\">\n\t\t\t\t\t\t\t<div class=\"elementor-background-overlay\"><\/div>\n\t\t\t\t\t\t\t<div class=\"elementor-container elementor-column-gap-default\">\n\t\t\t\t\t<div class=\"elementor-column elementor-col-33 elementor-inner-column elementor-element elementor-element-04dab67\" data-id=\"04dab67\" data-element_type=\"column\" data-e-type=\"column\">\n\t\t\t<div class=\"elementor-widget-wrap elementor-element-populated\">\n\t\t\t\t\t\t<div class=\"elementor-element elementor-element-1e3a1da elementor-view-default elementor-widget elementor-widget-icon\" data-id=\"1e3a1da\" data-element_type=\"widget\" data-e-type=\"widget\" data-widget_type=\"icon.default\">\n\t\t\t\t<div class=\"elementor-widget-container\">\n\t\t\t\t\t\t\t<div class=\"elementor-icon-wrapper\">\n\t\t\t<div class=\"elementor-icon\">\n\t\t\t<i aria-hidden=\"true\" class=\"fas fa-square\"><\/i>\t\t\t<\/div>\n\t\t<\/div>\n\t\t\t\t\t\t<\/div>\n\t\t\t\t<\/div>\n\t\t\t\t\t<\/div>\n\t\t<\/div>\n\t\t\t\t<div class=\"elementor-column elementor-col-33 elementor-inner-column elementor-element elementor-element-36efe85\" data-id=\"36efe85\" data-element_type=\"column\" data-e-type=\"column\">\n\t\t\t<div class=\"elementor-widget-wrap elementor-element-populated\">\n\t\t\t\t\t\t<div class=\"elementor-element elementor-element-1df20e6 elementor-widget elementor-widget-heading\" data-id=\"1df20e6\" data-element_type=\"widget\" data-e-type=\"widget\" data-widget_type=\"heading.default\">\n\t\t\t\t<div class=\"elementor-widget-container\">\n\t\t\t\t\t<h3 class=\"elementor-heading-title elementor-size-default\"><a href=\"https:\/\/catholic-television.com\/es\/apoyanos\">AP\u00d3YANOS<\/a><\/h3>\t\t\t\t<\/div>\n\t\t\t\t<\/div>\n\t\t\t\t\t<\/div>\n\t\t<\/div>\n\t\t\t\t<div class=\"elementor-column elementor-col-33 elementor-inner-column elementor-element elementor-element-ecfb3d8\" data-id=\"ecfb3d8\" data-element_type=\"column\" data-e-type=\"column\">\n\t\t\t<div class=\"elementor-widget-wrap elementor-element-populated\">\n\t\t\t\t\t\t<div class=\"elementor-element elementor-element-270c5ba elementor-widget__width-inherit elementor-widget elementor-widget-spacer\" data-id=\"270c5ba\" data-element_type=\"widget\" data-e-type=\"widget\" data-widget_type=\"spacer.default\">\n\t\t\t\t<div class=\"elementor-widget-container\">\n\t\t\t\t\t\t\t<div class=\"elementor-spacer\">\n\t\t\t<div class=\"elementor-spacer-inner\"><\/div>\n\t\t<\/div>\n\t\t\t\t\t\t<\/div>\n\t\t\t\t<\/div>\n\t\t\t\t\t<\/div>\n\t\t<\/div>\n\t\t\t\t\t<\/div>\n\t\t<\/section>\n\t\t\t\t<section class=\"elementor-section elementor-inner-section elementor-element elementor-element-c858220 elementor-section-boxed elementor-section-height-default elementor-section-height-default\" data-id=\"c858220\" data-element_type=\"section\" data-e-type=\"section\" data-settings=\"{&quot;background_background&quot;:&quot;classic&quot;}\">\n\t\t\t\t\t\t<div class=\"elementor-container elementor-column-gap-default\">\n\t\t\t\t\t<div class=\"elementor-column elementor-col-100 elementor-inner-column elementor-element elementor-element-2e49378\" data-id=\"2e49378\" data-element_type=\"column\" data-e-type=\"column\">\n\t\t\t<div class=\"elementor-widget-wrap elementor-element-populated\">\n\t\t\t\t\t\t<div class=\"elementor-element elementor-element-2665b98 elementor-widget elementor-widget-spacer\" data-id=\"2665b98\" data-element_type=\"widget\" data-e-type=\"widget\" data-widget_type=\"spacer.default\">\n\t\t\t\t<div class=\"elementor-widget-container\">\n\t\t\t\t\t\t\t<div class=\"elementor-spacer\">\n\t\t\t<div class=\"elementor-spacer-inner\"><\/div>\n\t\t<\/div>\n\t\t\t\t\t\t<\/div>\n\t\t\t\t<\/div>\n\t\t\t\t\t<\/div>\n\t\t<\/div>\n\t\t\t\t\t<\/div>\n\t\t<\/section>\n\t\t\t\t<section class=\"elementor-section elementor-inner-section elementor-element elementor-element-64b99cd elementor-section-boxed elementor-section-height-default elementor-section-height-default\" data-id=\"64b99cd\" data-element_type=\"section\" data-e-type=\"section\">\n\t\t\t\t\t\t<div class=\"elementor-container elementor-column-gap-default\">\n\t\t\t\t\t<div class=\"elementor-column elementor-col-100 elementor-inner-column elementor-element elementor-element-a481b5c\" data-id=\"a481b5c\" data-element_type=\"column\" data-e-type=\"column\" data-settings=\"{&quot;background_background&quot;:&quot;classic&quot;}\">\n\t\t\t<div class=\"elementor-widget-wrap elementor-element-populated\">\n\t\t\t\t\t\t<div class=\"elementor-element elementor-element-8d37d09 elementor-widget elementor-widget-image\" data-id=\"8d37d09\" data-element_type=\"widget\" data-e-type=\"widget\" data-widget_type=\"image.default\">\n\t\t\t\t<div class=\"elementor-widget-container\">\n\t\t\t\t\t\t\t\t\t\t\t\t\t\t\t\t<a href=\"https:\/\/www.paypal.com\/donate\/?hosted_button_id=NUV48XH7XGSGE\" target=\"_blank\">\n\t\t\t\t\t\t\t<img loading=\"lazy\" decoding=\"async\" width=\"152\" height=\"47\" src=\"https:\/\/catholic-television.com\/wp-content\/uploads\/2020\/10\/Pay-pal-donate-button.jpg\" class=\"attachment-large size-large wp-image-14789\" alt=\"\" srcset=\"https:\/\/catholic-television.com\/wp-content\/uploads\/2020\/10\/Pay-pal-donate-button.jpg 152w, https:\/\/catholic-television.com\/wp-content\/uploads\/2020\/10\/Pay-pal-donate-button-150x47.jpg 150w\" sizes=\"(max-width: 152px) 100vw, 152px\" style=\"width:100%;height:30.92%;max-width:152px\" \/>\t\t\t\t\t\t\t\t<\/a>\n\t\t\t\t\t\t\t\t\t\t\t\t\t\t\t<\/div>\n\t\t\t\t<\/div>\n\t\t\t\t\t<\/div>\n\t\t<\/div>\n\t\t\t\t\t<\/div>\n\t\t<\/section>\n\t\t\t\t<section class=\"elementor-section elementor-inner-section elementor-element elementor-element-013e485 elementor-section-boxed elementor-section-height-default elementor-section-height-default\" data-id=\"013e485\" data-element_type=\"section\" data-e-type=\"section\" data-settings=\"{&quot;background_background&quot;:&quot;classic&quot;}\">\n\t\t\t\t\t\t<div class=\"elementor-container elementor-column-gap-default\">\n\t\t\t\t\t<div class=\"elementor-column elementor-col-100 elementor-inner-column elementor-element elementor-element-b99c446\" data-id=\"b99c446\" data-element_type=\"column\" data-e-type=\"column\">\n\t\t\t<div class=\"elementor-widget-wrap elementor-element-populated\">\n\t\t\t\t\t\t<div class=\"elementor-element elementor-element-df86aac elementor-widget elementor-widget-spacer\" data-id=\"df86aac\" data-element_type=\"widget\" data-e-type=\"widget\" data-widget_type=\"spacer.default\">\n\t\t\t\t<div class=\"elementor-widget-container\">\n\t\t\t\t\t\t\t<div class=\"elementor-spacer\">\n\t\t\t<div class=\"elementor-spacer-inner\"><\/div>\n\t\t<\/div>\n\t\t\t\t\t\t<\/div>\n\t\t\t\t<\/div>\n\t\t\t\t\t<\/div>\n\t\t<\/div>\n\t\t\t\t\t<\/div>\n\t\t<\/section>\n\t\t\t\t\t<\/div>\n\t\t<\/div>\n\t\t\t\t\t<\/div>\n\t\t<\/section>\n\t\t\t\t<\/div>\n\t\t","protected":false},"excerpt":{"rendered":"<p>Novedades Ermita de la Virgen de Loreto El Monasterio de la Santa Faz Ermita de Santa Ana Ermita del Calvari ORACIONES ORACIONES El Principio y<\/p>\n","protected":false},"author":1,"featured_media":0,"parent":0,"menu_order":0,"comment_status":"closed","ping_status":"closed","template":"","meta":{"footnotes":""},"class_list":["post-5360","page","type-page","status-publish","hentry","entry"],"yoast_head":"<!-- This site is optimized with the Yoast SEO plugin v27.4 - https:\/\/yoast.com\/product\/yoast-seo-wordpress\/ -->\n<title>Oraciones - Catholic-television<\/title>\n<meta name=\"robots\" content=\"index, follow, max-snippet:-1, max-image-preview:large, max-video-preview:-1\" \/>\n<link rel=\"canonical\" href=\"https:\/\/catholic-television.com\/es\/oraciones\/\" \/>\n<meta property=\"og:locale\" content=\"es_ES\" \/>\n<meta property=\"og:type\" content=\"article\" \/>\n<meta property=\"og:title\" content=\"Oraciones - Catholic-television\" \/>\n<meta property=\"og:description\" content=\"Novedades Ermita de la Virgen de Loreto El Monasterio de la Santa Faz Ermita de Santa Ana Ermita del Calvari ORACIONES ORACIONES El Principio y\" \/>\n<meta property=\"og:url\" content=\"https:\/\/catholic-television.com\/es\/oraciones\/\" \/>\n<meta property=\"og:site_name\" content=\"Catholic-television\" \/>\n<meta property=\"article:publisher\" content=\"https:\/\/www.facebook.com\/catholic.television.production\/\" \/>\n<meta property=\"article:modified_time\" content=\"2025-03-29T11:46:48+00:00\" \/>\n<meta property=\"og:image\" content=\"https:\/\/catholic-television.com\/wp-content\/uploads\/2020\/10\/Exported-14.jpg\" \/>\n\t<meta property=\"og:image:width\" content=\"1024\" \/>\n\t<meta property=\"og:image:height\" content=\"576\" \/>\n\t<meta property=\"og:image:type\" content=\"image\/jpeg\" \/>\n<meta name=\"twitter:card\" content=\"summary_large_image\" \/>\n<meta name=\"twitter:site\" content=\"@catholictele\" \/>\n<meta name=\"twitter:label1\" content=\"Tiempo de lectura\" \/>\n\t<meta name=\"twitter:data1\" content=\"9 minutos\" \/>\n<script type=\"application\/ld+json\" class=\"yoast-schema-graph\">{\"@context\":\"https:\\\/\\\/schema.org\",\"@graph\":[{\"@type\":\"WebPage\",\"@id\":\"https:\\\/\\\/catholic-television.com\\\/es\\\/oraciones\\\/\",\"url\":\"https:\\\/\\\/catholic-television.com\\\/es\\\/oraciones\\\/\",\"name\":\"Oraciones - Catholic-television\",\"isPartOf\":{\"@id\":\"https:\\\/\\\/catholic-television.com\\\/es\\\/#website\"},\"primaryImageOfPage\":{\"@id\":\"https:\\\/\\\/catholic-television.com\\\/es\\\/oraciones\\\/#primaryimage\"},\"image\":{\"@id\":\"https:\\\/\\\/catholic-television.com\\\/es\\\/oraciones\\\/#primaryimage\"},\"thumbnailUrl\":\"https:\\\/\\\/catholic-television.com\\\/wp-content\\\/uploads\\\/2020\\\/10\\\/Exported-14.jpg\",\"datePublished\":\"2019-11-19T11:07:05+00:00\",\"dateModified\":\"2025-03-29T11:46:48+00:00\",\"breadcrumb\":{\"@id\":\"https:\\\/\\\/catholic-television.com\\\/es\\\/oraciones\\\/#breadcrumb\"},\"inLanguage\":\"es\",\"potentialAction\":[{\"@type\":\"ReadAction\",\"target\":[\"https:\\\/\\\/catholic-television.com\\\/es\\\/oraciones\\\/\"]}]},{\"@type\":\"ImageObject\",\"inLanguage\":\"es\",\"@id\":\"https:\\\/\\\/catholic-television.com\\\/es\\\/oraciones\\\/#primaryimage\",\"url\":\"https:\\\/\\\/catholic-television.com\\\/wp-content\\\/uploads\\\/2020\\\/10\\\/Exported-14.jpg\",\"contentUrl\":\"https:\\\/\\\/catholic-television.com\\\/wp-content\\\/uploads\\\/2020\\\/10\\\/Exported-14.jpg\"},{\"@type\":\"BreadcrumbList\",\"@id\":\"https:\\\/\\\/catholic-television.com\\\/es\\\/oraciones\\\/#breadcrumb\",\"itemListElement\":[{\"@type\":\"ListItem\",\"position\":1,\"name\":\"Portada\",\"item\":\"https:\\\/\\\/catholic-television.com\\\/es\\\/?lang=es\"},{\"@type\":\"ListItem\",\"position\":2,\"name\":\"Oraciones\"}]},{\"@type\":\"WebSite\",\"@id\":\"https:\\\/\\\/catholic-television.com\\\/es\\\/#website\",\"url\":\"https:\\\/\\\/catholic-television.com\\\/es\\\/\",\"name\":\"Catholic-television\",\"description\":\"Catholic Television\",\"publisher\":{\"@id\":\"https:\\\/\\\/catholic-television.com\\\/es\\\/#organization\"},\"potentialAction\":[{\"@type\":\"SearchAction\",\"target\":{\"@type\":\"EntryPoint\",\"urlTemplate\":\"https:\\\/\\\/catholic-television.com\\\/es\\\/?s={search_term_string}\"},\"query-input\":{\"@type\":\"PropertyValueSpecification\",\"valueRequired\":true,\"valueName\":\"search_term_string\"}}],\"inLanguage\":\"es\"},{\"@type\":\"Organization\",\"@id\":\"https:\\\/\\\/catholic-television.com\\\/es\\\/#organization\",\"name\":\"Catholic-television\",\"url\":\"https:\\\/\\\/catholic-television.com\\\/es\\\/\",\"logo\":{\"@type\":\"ImageObject\",\"inLanguage\":\"es\",\"@id\":\"https:\\\/\\\/catholic-television.com\\\/es\\\/#\\\/schema\\\/logo\\\/image\\\/\",\"url\":\"https:\\\/\\\/catholic-television.com\\\/wp-content\\\/uploads\\\/2019\\\/06\\\/catholic-tv_ok2.png\",\"contentUrl\":\"https:\\\/\\\/catholic-television.com\\\/wp-content\\\/uploads\\\/2019\\\/06\\\/catholic-tv_ok2.png\",\"width\":303,\"height\":99,\"caption\":\"Catholic-television\"},\"image\":{\"@id\":\"https:\\\/\\\/catholic-television.com\\\/es\\\/#\\\/schema\\\/logo\\\/image\\\/\"},\"sameAs\":[\"https:\\\/\\\/www.facebook.com\\\/catholic.television.production\\\/\",\"https:\\\/\\\/x.com\\\/catholictele\"]}]}<\/script>\n<!-- \/ Yoast SEO plugin. -->","yoast_head_json":{"title":"Oraciones - Catholic-television","robots":{"index":"index","follow":"follow","max-snippet":"max-snippet:-1","max-image-preview":"max-image-preview:large","max-video-preview":"max-video-preview:-1"},"canonical":"https:\/\/catholic-television.com\/es\/oraciones\/","og_locale":"es_ES","og_type":"article","og_title":"Oraciones - Catholic-television","og_description":"Novedades Ermita de la Virgen de Loreto El Monasterio de la Santa Faz Ermita de Santa Ana Ermita del Calvari ORACIONES ORACIONES El Principio y","og_url":"https:\/\/catholic-television.com\/es\/oraciones\/","og_site_name":"Catholic-television","article_publisher":"https:\/\/www.facebook.com\/catholic.television.production\/","article_modified_time":"2025-03-29T11:46:48+00:00","og_image":[{"width":1024,"height":576,"url":"https:\/\/catholic-television.com\/wp-content\/uploads\/2020\/10\/Exported-14.jpg","type":"image\/jpeg"}],"twitter_card":"summary_large_image","twitter_site":"@catholictele","twitter_misc":{"Tiempo de lectura":"9 minutos"},"schema":{"@context":"https:\/\/schema.org","@graph":[{"@type":"WebPage","@id":"https:\/\/catholic-television.com\/es\/oraciones\/","url":"https:\/\/catholic-television.com\/es\/oraciones\/","name":"Oraciones - Catholic-television","isPartOf":{"@id":"https:\/\/catholic-television.com\/es\/#website"},"primaryImageOfPage":{"@id":"https:\/\/catholic-television.com\/es\/oraciones\/#primaryimage"},"image":{"@id":"https:\/\/catholic-television.com\/es\/oraciones\/#primaryimage"},"thumbnailUrl":"https:\/\/catholic-television.com\/wp-content\/uploads\/2020\/10\/Exported-14.jpg","datePublished":"2019-11-19T11:07:05+00:00","dateModified":"2025-03-29T11:46:48+00:00","breadcrumb":{"@id":"https:\/\/catholic-television.com\/es\/oraciones\/#breadcrumb"},"inLanguage":"es","potentialAction":[{"@type":"ReadAction","target":["https:\/\/catholic-television.com\/es\/oraciones\/"]}]},{"@type":"ImageObject","inLanguage":"es","@id":"https:\/\/catholic-television.com\/es\/oraciones\/#primaryimage","url":"https:\/\/catholic-television.com\/wp-content\/uploads\/2020\/10\/Exported-14.jpg","contentUrl":"https:\/\/catholic-television.com\/wp-content\/uploads\/2020\/10\/Exported-14.jpg"},{"@type":"BreadcrumbList","@id":"https:\/\/catholic-television.com\/es\/oraciones\/#breadcrumb","itemListElement":[{"@type":"ListItem","position":1,"name":"Portada","item":"https:\/\/catholic-television.com\/es\/?lang=es"},{"@type":"ListItem","position":2,"name":"Oraciones"}]},{"@type":"WebSite","@id":"https:\/\/catholic-television.com\/es\/#website","url":"https:\/\/catholic-television.com\/es\/","name":"Catholic-television","description":"Catholic Television","publisher":{"@id":"https:\/\/catholic-television.com\/es\/#organization"},"potentialAction":[{"@type":"SearchAction","target":{"@type":"EntryPoint","urlTemplate":"https:\/\/catholic-television.com\/es\/?s={search_term_string}"},"query-input":{"@type":"PropertyValueSpecification","valueRequired":true,"valueName":"search_term_string"}}],"inLanguage":"es"},{"@type":"Organization","@id":"https:\/\/catholic-television.com\/es\/#organization","name":"Catholic-television","url":"https:\/\/catholic-television.com\/es\/","logo":{"@type":"ImageObject","inLanguage":"es","@id":"https:\/\/catholic-television.com\/es\/#\/schema\/logo\/image\/","url":"https:\/\/catholic-television.com\/wp-content\/uploads\/2019\/06\/catholic-tv_ok2.png","contentUrl":"https:\/\/catholic-television.com\/wp-content\/uploads\/2019\/06\/catholic-tv_ok2.png","width":303,"height":99,"caption":"Catholic-television"},"image":{"@id":"https:\/\/catholic-television.com\/es\/#\/schema\/logo\/image\/"},"sameAs":["https:\/\/www.facebook.com\/catholic.television.production\/","https:\/\/x.com\/catholictele"]}]}},"_links":{"self":[{"href":"https:\/\/catholic-television.com\/es\/wp-json\/wp\/v2\/pages\/5360","targetHints":{"allow":["GET"]}}],"collection":[{"href":"https:\/\/catholic-television.com\/es\/wp-json\/wp\/v2\/pages"}],"about":[{"href":"https:\/\/catholic-television.com\/es\/wp-json\/wp\/v2\/types\/page"}],"author":[{"embeddable":true,"href":"https:\/\/catholic-television.com\/es\/wp-json\/wp\/v2\/users\/1"}],"replies":[{"embeddable":true,"href":"https:\/\/catholic-television.com\/es\/wp-json\/wp\/v2\/comments?post=5360"}],"version-history":[{"count":22,"href":"https:\/\/catholic-television.com\/es\/wp-json\/wp\/v2\/pages\/5360\/revisions"}],"predecessor-version":[{"id":18142,"href":"https:\/\/catholic-television.com\/es\/wp-json\/wp\/v2\/pages\/5360\/revisions\/18142"}],"wp:attachment":[{"href":"https:\/\/catholic-television.com\/es\/wp-json\/wp\/v2\/media?parent=5360"}],"curies":[{"name":"wp","href":"https:\/\/api.w.org\/{rel}","templated":true}]}}